{"id":16810,"date":"2025-03-31T19:37:29","date_gmt":"2025-03-31T22:37:29","guid":{"rendered":"https:\/\/www.ingenieriaindustrial-usach.cl\/?page_id=16810"},"modified":"2025-11-19T17:07:29","modified_gmt":"2025-11-19T20:07:29","slug":"juanpedro-sepulveda","status":"publish","type":"page","link":"https:\/\/www.ingenieriaindustrial-usach.cl\/en\/juanpedro-sepulveda\/","title":{"rendered":"(Espa\u00f1ol) Acad\u00e9micos"},"content":{"rendered":"\t\t<div data-elementor-type=\"wp-page\" data-elementor-id=\"16810\" class=\"elementor elementor-16810\" data-elementor-post-type=\"page\">\n\t\t\t\t\t\t<section class=\"elementor-section elementor-top-section elementor-element elementor-element-89d4b29 elementor-section-full_width elementor-section-height-default elementor-section-height-default\" data-id=\"89d4b29\" data-element_type=\"section\" data-settings=\"{&quot;jet_parallax_layout_list&quot;:[]}\">\n\t\t\t\t\t\t<div class=\"elementor-container elementor-column-gap-default\">\n\t\t\t\t\t<div class=\"elementor-column elementor-col-100 elementor-top-column elementor-element elementor-element-ffaa7ce\" data-id=\"ffaa7ce\" data-element_type=\"column\">\n\t\t\t<div class=\"elementor-widget-wrap elementor-element-populated\">\n\t\t\t\t\t\t<div class=\"elementor-element elementor-element-0efa5b1 elementor-widget elementor-widget-smartslider3\" data-id=\"0efa5b1\" data-element_type=\"widget\" data-widget_type=\"smartslider3.default\">\n\t\t\t\t<div class=\"elementor-widget-container\">\n\t\t\t<div class=\"elementor-smartslider\"><\/div>\t\t<\/div>\n\t\t\t\t<\/div>\n\t\t\t\t\t<\/div>\n\t\t<\/div>\n\t\t\t\t\t<\/div>\n\t\t<\/section>\n\t\t\t\t<section class=\"elementor-section elementor-top-section elementor-element elementor-element-b917c91 elementor-section-boxed elementor-section-height-default elementor-section-height-default\" data-id=\"b917c91\" data-element_type=\"section\" data-settings=\"{&quot;jet_parallax_layout_list&quot;:[]}\">\n\t\t\t\t\t\t<div class=\"elementor-container elementor-column-gap-default\">\n\t\t\t\t\t<div class=\"elementor-column elementor-col-50 elementor-top-column elementor-element elementor-element-d3573fe\" data-id=\"d3573fe\" data-element_type=\"column\">\n\t\t\t<div class=\"elementor-widget-wrap elementor-element-populated\">\n\t\t\t\t\t\t<div class=\"elementor-element elementor-element-de3e502 elementor-widget__width-initial elementor-widget elementor-widget-image\" data-id=\"de3e502\" data-element_type=\"widget\" data-widget_type=\"image.default\">\n\t\t\t\t<div class=\"elementor-widget-container\">\n\t\t\t<style>\/*! elementor - v3.22.0 - 26-06-2024 *\/\n.elementor-widget-image{text-align:center}.elementor-widget-image a{display:inline-block}.elementor-widget-image a img[src$=\".svg\"]{width:48px}.elementor-widget-image img{vertical-align:middle;display:inline-block}<\/style>\t\t\t\t\t\t\t\t\t\t<img fetchpriority=\"high\" decoding=\"async\" width=\"1000\" height=\"1248\" src=\"https:\/\/www.ingenieriaindustrial-usach.cl\/wp-content\/uploads\/2025\/04\/juan-pedro-sepulveda.jpg\" class=\"elementor-animation-shrink attachment-full size-full wp-image-17029\" alt=\"\" srcset=\"https:\/\/www.ingenieriaindustrial-usach.cl\/wp-content\/uploads\/2025\/04\/juan-pedro-sepulveda.jpg 1000w, https:\/\/www.ingenieriaindustrial-usach.cl\/wp-content\/uploads\/2025\/04\/juan-pedro-sepulveda-240x300.jpg 240w, https:\/\/www.ingenieriaindustrial-usach.cl\/wp-content\/uploads\/2025\/04\/juan-pedro-sepulveda-821x1024.jpg 821w, https:\/\/www.ingenieriaindustrial-usach.cl\/wp-content\/uploads\/2025\/04\/juan-pedro-sepulveda-768x958.jpg 768w\" sizes=\"(max-width: 1000px) 100vw, 1000px\" \/>\t\t\t\t\t\t\t\t\t\t\t\t\t<\/div>\n\t\t\t\t<\/div>\n\t\t\t\t<div class=\"elementor-element elementor-element-180bc6b elementor-widget elementor-widget-text-editor\" data-id=\"180bc6b\" data-element_type=\"widget\" data-widget_type=\"text-editor.default\">\n\t\t\t\t<div class=\"elementor-widget-container\">\n\t\t\t<style>\/*! elementor - v3.22.0 - 26-06-2024 *\/\n.elementor-widget-text-editor.elementor-drop-cap-view-stacked .elementor-drop-cap{background-color:#69727d;color:#fff}.elementor-widget-text-editor.elementor-drop-cap-view-framed .elementor-drop-cap{color:#69727d;border:3px solid;background-color:transparent}.elementor-widget-text-editor:not(.elementor-drop-cap-view-default) .elementor-drop-cap{margin-top:8px}.elementor-widget-text-editor:not(.elementor-drop-cap-view-default) .elementor-drop-cap-letter{width:1em;height:1em}.elementor-widget-text-editor .elementor-drop-cap{float:left;text-align:center;line-height:1;font-size:50px}.elementor-widget-text-editor .elementor-drop-cap-letter{display:inline-block}<\/style>\t\t\t\t<p style=\"text-align: justify;\"><span style=\"color: #07abab; font-family: helvetica; font-size: 25px;\"><strong>Dr. Juan Sep\u00falveda Rojas<\/strong><\/span><\/p><p style=\"text-align: justify;\"><span style=\"font-family: arial, helvetica, sans-serif; font-size: 20px;\">Profesor Asociado<\/span><\/p>\t\t\t\t\t\t<\/div>\n\t\t\t\t<\/div>\n\t\t\t\t\t<\/div>\n\t\t<\/div>\n\t\t\t\t<div class=\"elementor-column elementor-col-50 elementor-top-column elementor-element elementor-element-20a5d12\" data-id=\"20a5d12\" data-element_type=\"column\">\n\t\t\t<div class=\"elementor-widget-wrap elementor-element-populated\">\n\t\t\t\t\t\t<div class=\"elementor-element elementor-element-bcc2b7b elementor-widget elementor-widget-text-editor\" data-id=\"bcc2b7b\" data-element_type=\"widget\" data-widget_type=\"text-editor.default\">\n\t\t\t\t<div class=\"elementor-widget-container\">\n\t\t\t\t\t\t\t<h2><span style=\"background-color: transparent; font-family: helvetica; font-size: 20px; font-weight: bold; white-space-collapse: preserve; color: #24aba6;\">Grados Acad\u00e9micos:<\/span><\/h2><div><ul><li style=\"text-align: justify;\"><span style=\"font-family: helvetica; font-size: 17px; color: #000000;\">Doctor en Ingenier\u00eda Industrial esp. Supply Chain Management. Instituto Nacional Polit\u00e9cnico de Grenoble, Francia.<\/span><\/li><li style=\"text-align: justify;\"><span style=\"font-family: helvetica; font-size: 17px; color: #000000;\">Mag\u00edster en Ciencias de la Ingenier\u00eda menci\u00f3n Ingenier\u00eda Industrial. Universidad de Santiago de Chile, Chile. <\/span><\/li><\/ul><p><span style=\"font-family: helvetica; color: #24aba6;\"><strong><span style=\"font-size: 20px;\">\u00a0<\/span><\/strong><\/span><b style=\"color: #24aba6; font-family: helvetica; font-size: 20px; word-spacing: 1px;\">\u00c1reas de Especializaci\u00f3n:<\/b><\/p><ul><li style=\"font-weight: 400;\" aria-level=\"1\"><span style=\"font-weight: 400; font-family: helvetica; font-size: 17px; color: #000000;\">Gesti\u00f3n de la Cadena de Suministro y Log\u00edstica<\/span><\/li><li style=\"font-weight: 400;\" aria-level=\"1\"><span style=\"font-weight: 400; font-family: helvetica; font-size: 17px; color: #000000;\">Administraci\u00f3n y Finanzas en Transporte e Infraestructura<\/span><\/li><li style=\"font-weight: 400;\" aria-level=\"1\"><span style=\"font-weight: 400; font-family: helvetica; font-size: 17px; color: #000000;\">Modelos Matem\u00e1ticos y M\u00e9todos de Optimizaci\u00f3n Aplicados<\/span><\/li><li style=\"font-weight: 400;\" aria-level=\"1\"><span style=\"font-weight: 400; font-family: helvetica; font-size: 17px; color: #000000;\">Gesti\u00f3n de Procesos de Negocio y BPM<\/span><\/li><li style=\"font-weight: 400;\" aria-level=\"1\"><span style=\"font-weight: 400; font-family: helvetica; font-size: 17px; color: #000000;\">Responsabilidad Social y Sostenibilidad en Empresas<\/span><\/li><\/ul><div><span style=\"color: #000000; font-family: helvetica;\"><span style=\"font-size: 17px;\">\u00a0<\/span><\/span><strong style=\"font-size: 13px; color: #24aba6; font-family: helvetica;\"><span style=\"font-size: 20px; word-spacing: 1px;\">Contacto<\/span><\/strong><\/div><p><span style=\"color: #000000; font-family: helvetica; font-size: 14px;\"><span style=\"font-size: 14px;\"><span style=\"font-size: 14px;\"><strong><span style=\"color: #24aba6; font-size: 17px;\"><strong><img decoding=\"async\" class=\"alignnone size-full wp-image-22316\" src=\"https:\/\/www.ingenieriaindustrial-usach.cl\/wp-content\/uploads\/2025\/11\/buz_1.png\" alt=\"\" width=\"35\" height=\"28\" \/>juanpedro.sepulveda@usach.cl<\/strong><\/span><\/strong><\/span><\/span><\/span><\/p><\/div>\t\t\t\t\t\t<\/div>\n\t\t\t\t<\/div>\n\t\t\t\t\t<\/div>\n\t\t<\/div>\n\t\t\t\t\t<\/div>\n\t\t<\/section>\n\t\t\t\t<section class=\"elementor-section elementor-top-section elementor-element elementor-element-33117e8 elementor-section-boxed elementor-section-height-default elementor-section-height-default\" data-id=\"33117e8\" data-element_type=\"section\" data-settings=\"{&quot;jet_parallax_layout_list&quot;:[],&quot;background_background&quot;:&quot;classic&quot;}\">\n\t\t\t\t\t\t<div class=\"elementor-container elementor-column-gap-default\">\n\t\t\t\t\t<div class=\"elementor-column elementor-col-100 elementor-top-column elementor-element elementor-element-7c6eada\" data-id=\"7c6eada\" data-element_type=\"column\">\n\t\t\t<div class=\"elementor-widget-wrap elementor-element-populated\">\n\t\t\t\t\t\t<div class=\"elementor-element elementor-element-05badd0 elementor-widget__width-initial elementor-tabs-view-vertical elementor-widget elementor-widget-tabs\" data-id=\"05badd0\" data-element_type=\"widget\" data-widget_type=\"tabs.default\">\n\t\t\t\t<div class=\"elementor-widget-container\">\n\t\t\t<style>\/*! elementor - v3.22.0 - 26-06-2024 *\/\n.elementor-widget-tabs.elementor-tabs-view-vertical .elementor-tabs-wrapper{width:25%;flex-shrink:0}.elementor-widget-tabs.elementor-tabs-view-vertical .elementor-tab-desktop-title.elementor-active{border-inline-end-style:none}.elementor-widget-tabs.elementor-tabs-view-vertical .elementor-tab-desktop-title.elementor-active:after,.elementor-widget-tabs.elementor-tabs-view-vertical .elementor-tab-desktop-title.elementor-active:before{height:999em;width:0;right:0;border-inline-end-style:solid}.elementor-widget-tabs.elementor-tabs-view-vertical .elementor-tab-desktop-title.elementor-active:before{top:0;transform:translateY(-100%)}.elementor-widget-tabs.elementor-tabs-view-vertical .elementor-tab-desktop-title.elementor-active:after{top:100%}.elementor-widget-tabs.elementor-tabs-view-horizontal .elementor-tab-desktop-title{display:table-cell}.elementor-widget-tabs.elementor-tabs-view-horizontal .elementor-tab-desktop-title.elementor-active{border-bottom-style:none}.elementor-widget-tabs.elementor-tabs-view-horizontal .elementor-tab-desktop-title.elementor-active:after,.elementor-widget-tabs.elementor-tabs-view-horizontal .elementor-tab-desktop-title.elementor-active:before{bottom:0;height:0;width:999em;border-bottom-style:solid}.elementor-widget-tabs.elementor-tabs-view-horizontal .elementor-tab-desktop-title.elementor-active:before{right:100%}.elementor-widget-tabs.elementor-tabs-view-horizontal .elementor-tab-desktop-title.elementor-active:after{left:100%}.elementor-widget-tabs .elementor-tab-content,.elementor-widget-tabs .elementor-tab-title,.elementor-widget-tabs .elementor-tab-title:after,.elementor-widget-tabs .elementor-tab-title:before,.elementor-widget-tabs .elementor-tabs-content-wrapper{border:1px #d5d8dc}.elementor-widget-tabs .elementor-tabs{text-align:start}.elementor-widget-tabs .elementor-tabs-wrapper{overflow:hidden}.elementor-widget-tabs .elementor-tab-title{cursor:pointer;outline:var(--focus-outline,none)}.elementor-widget-tabs .elementor-tab-desktop-title{position:relative;padding:20px 25px;font-weight:700;line-height:1;border:solid transparent}.elementor-widget-tabs .elementor-tab-desktop-title.elementor-active{border-color:#d5d8dc}.elementor-widget-tabs .elementor-tab-desktop-title.elementor-active:after,.elementor-widget-tabs .elementor-tab-desktop-title.elementor-active:before{display:block;content:\"\";position:absolute}.elementor-widget-tabs .elementor-tab-desktop-title:focus-visible{border:1px solid #000}.elementor-widget-tabs .elementor-tab-mobile-title{padding:10px;cursor:pointer}.elementor-widget-tabs .elementor-tab-content{padding:20px;display:none}@media (max-width:767px){.elementor-tabs .elementor-tab-content,.elementor-tabs .elementor-tab-title{border-style:solid solid none}.elementor-tabs .elementor-tabs-wrapper{display:none}.elementor-tabs .elementor-tabs-content-wrapper{border-bottom-style:solid}.elementor-tabs .elementor-tab-content{padding:10px}}@media (min-width:768px){.elementor-widget-tabs.elementor-tabs-view-vertical .elementor-tabs{display:flex}.elementor-widget-tabs.elementor-tabs-view-vertical .elementor-tabs-wrapper{flex-direction:column}.elementor-widget-tabs.elementor-tabs-view-vertical .elementor-tabs-content-wrapper{flex-grow:1;border-style:solid solid solid none}.elementor-widget-tabs.elementor-tabs-view-horizontal .elementor-tab-content{border-style:none solid solid}.elementor-widget-tabs.elementor-tabs-alignment-center .elementor-tabs-wrapper,.elementor-widget-tabs.elementor-tabs-alignment-end .elementor-tabs-wrapper,.elementor-widget-tabs.elementor-tabs-alignment-stretch .elementor-tabs-wrapper{display:flex}.elementor-widget-tabs.elementor-tabs-alignment-center .elementor-tabs-wrapper{justify-content:center}.elementor-widget-tabs.elementor-tabs-alignment-end .elementor-tabs-wrapper{justify-content:flex-end}.elementor-widget-tabs.elementor-tabs-alignment-stretch.elementor-tabs-view-horizontal .elementor-tab-title{width:100%}.elementor-widget-tabs.elementor-tabs-alignment-stretch.elementor-tabs-view-vertical .elementor-tab-title{height:100%}.elementor-tabs .elementor-tab-mobile-title{display:none}}<\/style>\t\t<div class=\"elementor-tabs\">\n\t\t\t<div class=\"elementor-tabs-wrapper\" role=\"tablist\" >\n\t\t\t\t\t\t\t\t\t<div id=\"elementor-tab-title-6001\" class=\"elementor-tab-title elementor-tab-desktop-title\" aria-selected=\"true\" data-tab=\"1\" role=\"tab\" tabindex=\"0\" aria-controls=\"elementor-tab-content-6001\" aria-expanded=\"false\">Biograf\u00eda<\/div>\n\t\t\t\t\t\t\t\t\t<div id=\"elementor-tab-title-6002\" class=\"elementor-tab-title elementor-tab-desktop-title\" aria-selected=\"false\" data-tab=\"2\" role=\"tab\" tabindex=\"-1\" aria-controls=\"elementor-tab-content-6002\" aria-expanded=\"false\">Investigaci\u00f3n<\/div>\n\t\t\t\t\t\t\t\t\t<div id=\"elementor-tab-title-6003\" class=\"elementor-tab-title elementor-tab-desktop-title\" aria-selected=\"false\" data-tab=\"3\" role=\"tab\" tabindex=\"-1\" aria-controls=\"elementor-tab-content-6003\" aria-expanded=\"false\">Publicaciones<\/div>\n\t\t\t\t\t\t\t\t\t<div id=\"elementor-tab-title-6004\" class=\"elementor-tab-title elementor-tab-desktop-title\" aria-selected=\"false\" data-tab=\"4\" role=\"tab\" tabindex=\"-1\" aria-controls=\"elementor-tab-content-6004\" aria-expanded=\"false\">Docencia<\/div>\n\t\t\t\t\t\t\t<\/div>\n\t\t\t<div class=\"elementor-tabs-content-wrapper\" role=\"tablist\" aria-orientation=\"vertical\">\n\t\t\t\t\t\t\t\t\t<div class=\"elementor-tab-title elementor-tab-mobile-title\" aria-selected=\"true\" data-tab=\"1\" role=\"tab\" tabindex=\"0\" aria-controls=\"elementor-tab-content-6001\" aria-expanded=\"false\">Biograf\u00eda<\/div>\n\t\t\t\t\t<div id=\"elementor-tab-content-6001\" class=\"elementor-tab-content elementor-clearfix\" data-tab=\"1\" role=\"tabpanel\" aria-labelledby=\"elementor-tab-title-6001\" tabindex=\"0\" hidden=\"false\"><p style=\"text-align: justify;\"><span style=\"font-weight: 400; font-family: helvetica; font-size: 17px; color: #000000;\">El Dr. Juan Pedro Sep\u00falveda Rojas es Ingeniero Civil Industrial con una destacada trayectoria en gesti\u00f3n de la cadena de suministro, log\u00edstica y optimizaci\u00f3n de sistemas industriales. Obtuvo su Doctorado en Ingenier\u00eda Industrial con especializaci\u00f3n en Supply Chain Management en el Instituto Nacional Polit\u00e9cnico de Grenoble, Francia, y previamente curs\u00f3 un Mag\u00edster en Ciencias de la Ingenier\u00eda con menci\u00f3n en Ingenier\u00eda Industrial en la Universidad de Santiago de Chile (USACH). Adem\u00e1s, ha complementado su formaci\u00f3n con diplomados en Liderazgo y Gesti\u00f3n de Personas en la Pontificia Universidad Cat\u00f3lica de Chile, Docencia Universitaria y Estad\u00edstica con menci\u00f3n en Miner\u00eda de Datos en la USACH.<\/span><\/p><p style=\"text-align: justify;\"><span style=\"font-weight: 400; font-family: helvetica; font-size: 17px; color: #000000;\">Desde 2015, ha sido docente del curso de Gesti\u00f3n de la Cadena de Suministro. Tambi\u00e9n ha sido profesor visitante en universidades internacionales como la Universidad de Los Andes en Colombia, la Escuela Colombiana de Ingenier\u00eda Julio Garavito y la Universidad San Ignacio de Loyola en Per\u00fa.<\/span><\/p><p style=\"text-align: justify;\"><span style=\"font-weight: 400; font-family: helvetica; font-size: 17px; color: #000000;\">Su producci\u00f3n cient\u00edfica incluye publicaciones en revistas indexadas en WoS y Scopus sobre coordinaci\u00f3n en cadenas de suministro, gesti\u00f3n de inventarios y an\u00e1lisis de costos en concesiones viales. Adem\u00e1s, ha liderado proyectos financiados por CORFO, enfocados en modelos predictivos para mantenimiento y remanufactura. Su trabajo ha sido clave en la aplicaci\u00f3n de enfoques cuantitativos y estrat\u00e9gicos en log\u00edstica y gesti\u00f3n de operaciones en distintos sectores industriales.<\/span><\/p><\/div>\n\t\t\t\t\t\t\t\t\t<div class=\"elementor-tab-title elementor-tab-mobile-title\" aria-selected=\"false\" data-tab=\"2\" role=\"tab\" tabindex=\"-1\" aria-controls=\"elementor-tab-content-6002\" aria-expanded=\"false\">Investigaci\u00f3n<\/div>\n\t\t\t\t\t<div id=\"elementor-tab-content-6002\" class=\"elementor-tab-content elementor-clearfix\" data-tab=\"2\" role=\"tabpanel\" aria-labelledby=\"elementor-tab-title-6002\" tabindex=\"0\" hidden=\"hidden\"><h3 style=\"text-align: justify;\"><span style=\"font-family: helvetica; font-size: 17px; color: #000000;\"><b>Proyectos con Fondos Internos:<\/b><\/span><\/h3><ul style=\"text-align: justify;\"><li style=\"font-weight: 400;\" aria-level=\"1\"><span style=\"font-family: helvetica; font-size: 17px; color: #000000;\"><b>Investigador Principal<\/b><span style=\"font-weight: 400;\"> \u2013 Proyecto DICYT (2021-2023).\u00a0 An\u00e1lisis de riesgos y coordinaci\u00f3n en las cadenas log\u00edsticas<\/span><\/span><\/li><\/ul><h3 style=\"text-align: justify;\"><span style=\"font-family: helvetica; font-size: 17px; color: #000000;\"><b>Proyectos con Fondos Externos:<\/b><\/span><\/h3><ul><li style=\"font-weight: 400; text-align: justify;\" aria-level=\"1\"><span style=\"font-family: helvetica; font-size: 17px; color: #000000;\"><b>Investigador Principal<\/b><span style=\"font-weight: 400;\"> \u2013 Proyecto CORFO 21SN2-200497 (2022). Modelo Predictivo de Fallas para el Mantenimiento en Sitio como Estrategia de Venta de Sillas de Oficina en BYP ltd.<\/span><\/span><\/li><li style=\"font-weight: 400; text-align: justify;\" aria-level=\"1\"><span style=\"font-family: helvetica; font-size: 17px; color: #000000;\"><b>Investigador Principal<\/b><span style=\"font-weight: 400;\"> \u2013 Proyecto CORFO 21SN-182348 (2021). Modelo predictivo para determinar la reducci\u00f3n de los bloques de espuma en FAVAL Espumas.<\/span><\/span><\/li><li style=\"font-weight: 400; text-align: justify;\" aria-level=\"1\"><span style=\"font-family: helvetica; font-size: 17px; color: #000000;\"><b>Investigador Principal<\/b><span style=\"font-weight: 400;\"> \u2013 Proyecto CORFO 19SN-123409 (2020). Dise\u00f1o y Desarrollo de Herramientas Tecnol\u00f3gicas para Incluir la Remanufactura de Productos en la Planta Fernando Mayer<\/span><\/span><\/li><\/ul><\/div>\n\t\t\t\t\t\t\t\t\t<div class=\"elementor-tab-title elementor-tab-mobile-title\" aria-selected=\"false\" data-tab=\"3\" role=\"tab\" tabindex=\"-1\" aria-controls=\"elementor-tab-content-6003\" aria-expanded=\"false\">Publicaciones<\/div>\n\t\t\t\t\t<div id=\"elementor-tab-content-6003\" class=\"elementor-tab-content elementor-clearfix\" data-tab=\"3\" role=\"tabpanel\" aria-labelledby=\"elementor-tab-title-6003\" tabindex=\"0\" hidden=\"hidden\"><h2 style=\"text-align: justify;\"><span style=\"font-family: helvetica; font-size: 17px; color: #000000;\"><b>Publicaciones y Congresos:<\/b><\/span><\/h2><h3 style=\"text-align: justify;\"><span style=\"font-family: helvetica; font-size: 17px; color: #000000;\"><b>Art\u00edculos en Revistas Indexadas (WoS y Scopus):<\/b><\/span><\/h3><ul style=\"text-align: justify;\"><li style=\"font-weight: 400;\" aria-level=\"1\"><span style=\"font-family: helvetica; font-size: 17px;\"><span style=\"font-weight: 400; color: #000000;\">Ternero, R.; Sep\u00falveda, J.; Alfaro, M.; Fuertes, G.; Vargas, M.; Sep\u00falveda-Rojas, J.P.; Soto-Jancidakis, L. Analysis of Pedestrian Behavior for the Optimization of Evacuation Plans in Tall Buildings: Case Study Santiago, Chile. Buildings 2023, 13, 2907. <\/span><strong><a href=\"https:\/\/doi.org\/10.3390\/buildings13122907\">DOI<\/a><\/strong><\/span><\/li><li style=\"font-weight: 400;\" aria-level=\"1\"><span style=\"font-family: helvetica; font-size: 17px;\"><span style=\"font-weight: 400;\"><span style=\"color: #000000;\">Sep\u00falveda-Rojas, J. P., Aravena, S., &amp; Carrasco, R. (2024). Increasing Efficiency in Furniture Remanufacturing with AHP and the SECI Model. Sustainability, 16(23), 10339<\/span>. <\/span><strong><a href=\"https:\/\/doi.org\/10.3390\/su162310339\">DOI<\/a><\/strong><\/span><\/li><li style=\"font-weight: 400;\" aria-level=\"1\"><span style=\"font-family: helvetica; font-size: 17px;\"><span style=\"font-weight: 400; color: #000000;\">Juan Pedro Sep\u00falveda-Rojas, Felipe Rojas, H\u00e9ctor Vald\u00e9s-Gonz\u00e1lez, Mario San Mart\u00edn. Forecasting Models Selection Mechanism for Supply Chain Demand Estimation, Procedia Computer Science, Volume 55, 2015, Pages 1060-1068, ISSN 1877-0509. <\/span><strong><a href=\"http:\/\/dx.doi.org\/10.1016\/j.procs.2015.07.068\">DOI<\/a><\/strong><\/span><\/li><\/ul><p style=\"text-align: justify;\"><span style=\"font-family: helvetica; font-size: 17px; color: #000000;\"><b>Ponencias en Congresos Internacionales<\/b><\/span><\/p><ul style=\"text-align: justify;\"><li style=\"font-weight: 400;\" aria-level=\"1\"><span style=\"font-weight: 400; font-family: helvetica; color: #000000; font-size: 17px;\">Cristian Vergara-Novoa, Juan Pedro Sep\u00falveda-Rojas, Miguel D. Alfaro, Pablo Soto, Paulo Andr\u00e9s Benitez-Fuentes. Analysis of revenues, costs and average costs of highway concessions in Chile. World Conference on Transport Research \u2013 WCTR 2019 Mumbai 26-31 May 2019.<\/span><\/li><li style=\"font-weight: 400;\" aria-level=\"1\"><span style=\"font-weight: 400; font-family: helvetica; color: #000000; font-size: 17px;\">J.F Venegas Guti\u00e9rrez, J.P Sepulveda-Rojas, P.A Fuentes-Ben\u00edtez. Coordinaci\u00f3n e intercambio de informaci\u00f3n para el control de inventario en una cadena log\u00edstica de ciclo cerrado. The 9th International Conference on Production Research \u2013 Americas 2018, Bogot\u00e1, Colombia.<\/span><\/li><li style=\"font-weight: 400;\" aria-level=\"1\"><span style=\"font-weight: 400; font-family: helvetica; color: #000000; font-size: 17px;\">Juan Pedro Sep\u00falveda-Rojas. Coordination, Information Sharing, and Return Variabilities in Closed-loop Supply Chains. INFORMS 2018 Annual Meeting, Nov. 4 \u2013 7, 2018, Phoenix, Arizona, USA.<\/span><\/li><\/ul><p style=\"text-align: justify;\"><span style=\"font-size: 17px;\"><strong><span style=\"font-family: helvetica;\"><span style=\"color: #000000;\">Puede encontrar todas sus publicaciones<\/span> <a href=\"https:\/\/orcid.org\/0000-0002-6725-7295\" target=\"_blank\" rel=\"noopener\">aqu\u00ed<\/a><\/span><\/strong><\/span><\/p><p style=\"text-align: justify;\">\u00a0<\/p><\/div>\n\t\t\t\t\t\t\t\t\t<div class=\"elementor-tab-title elementor-tab-mobile-title\" aria-selected=\"false\" data-tab=\"4\" role=\"tab\" tabindex=\"-1\" aria-controls=\"elementor-tab-content-6004\" aria-expanded=\"false\">Docencia<\/div>\n\t\t\t\t\t<div id=\"elementor-tab-content-6004\" class=\"elementor-tab-content elementor-clearfix\" data-tab=\"4\" role=\"tabpanel\" aria-labelledby=\"elementor-tab-title-6004\" tabindex=\"0\" hidden=\"hidden\"><p><span style=\"font-size: 17px; font-family: helvetica; color: #000000;\"><b>Pregrado<\/b><\/span><\/p><ul><li style=\"font-weight: 400;\" aria-level=\"1\"><p><span style=\"font-weight: 400; font-size: 17px; font-family: helvetica; color: #000000;\">Gesti\u00f3n de la cadena de suministros<\/span><\/p><\/li><\/ul><\/div>\n\t\t\t\t\t\t\t<\/div>\n\t\t<\/div>\n\t\t\t\t<\/div>\n\t\t\t\t<\/div>\n\t\t\t\t\t<\/div>\n\t\t<\/div>\n\t\t\t\t\t<\/div>\n\t\t<\/section>\n\t\t\t\t<section class=\"elementor-section elementor-top-section elementor-element elementor-element-eeb6824 elementor-section-boxed elementor-section-height-default elementor-section-height-default\" data-id=\"eeb6824\" data-element_type=\"section\" data-settings=\"{&quot;jet_parallax_layout_list&quot;:[],&quot;background_background&quot;:&quot;classic&quot;,&quot;background_motion_fx_motion_fx_scrolling&quot;:&quot;yes&quot;,&quot;background_motion_fx_translateX_effect&quot;:&quot;yes&quot;,&quot;background_motion_fx_translateX_direction&quot;:&quot;negative&quot;,&quot;background_motion_fx_translateX_speed&quot;:{&quot;unit&quot;:&quot;px&quot;,&quot;size&quot;:0,&quot;sizes&quot;:[]},&quot;background_motion_fx_translateX_affectedRange&quot;:{&quot;unit&quot;:&quot;%&quot;,&quot;size&quot;:&quot;&quot;,&quot;sizes&quot;:{&quot;start&quot;:0,&quot;end&quot;:100}},&quot;background_motion_fx_devices&quot;:[&quot;desktop&quot;,&quot;tablet&quot;,&quot;mobile&quot;]}\">\n\t\t\t\t\t\t\t<div class=\"elementor-background-overlay\"><\/div>\n\t\t\t\t\t\t\t<div class=\"elementor-container elementor-column-gap-default\">\n\t\t\t\t\t<div class=\"elementor-column elementor-col-100 elementor-top-column elementor-element elementor-element-fac20bc\" data-id=\"fac20bc\" data-element_type=\"column\">\n\t\t\t<div class=\"elementor-widget-wrap elementor-element-populated\">\n\t\t\t\t\t\t<div class=\"elementor-element elementor-element-db142b9 elementor-widget__width-initial elementor-widget elementor-widget-heading\" data-id=\"db142b9\" data-element_type=\"widget\" data-widget_type=\"heading.default\">\n\t\t\t\t<div class=\"elementor-widget-container\">\n\t\t\t<style>\/*! elementor - v3.22.0 - 26-06-2024 *\/\n.elementor-heading-title{padding:0;margin:0;line-height:1}.elementor-widget-heading .elementor-heading-title[class*=elementor-size-]>a{color:inherit;font-size:inherit;line-height:inherit}.elementor-widget-heading .elementor-heading-title.elementor-size-small{font-size:15px}.elementor-widget-heading .elementor-heading-title.elementor-size-medium{font-size:19px}.elementor-widget-heading .elementor-heading-title.elementor-size-large{font-size:29px}.elementor-widget-heading .elementor-heading-title.elementor-size-xl{font-size:39px}.elementor-widget-heading .elementor-heading-title.elementor-size-xxl{font-size:59px}<\/style><h2 class=\"elementor-heading-title elementor-size-default\">El cuerpo acad\u00e9mico del Departamento de Ingenier\u00eda Industrial de la USACH destaca por su excelencia en docencia e investigaci\u00f3n, con experiencia en optimizaci\u00f3n, gesti\u00f3n y an\u00e1lisis de datos, vincul\u00e1ndose activamente con la industria.<\/h2>\t\t<\/div>\n\t\t\t\t<\/div>\n\t\t\t\t\t<\/div>\n\t\t<\/div>\n\t\t\t\t\t<\/div>\n\t\t<\/section>\n\t\t\t\t<section class=\"elementor-section elementor-top-section elementor-element elementor-element-f046c5e elementor-section-boxed elementor-section-height-default elementor-section-height-default\" data-id=\"f046c5e\" data-element_type=\"section\" data-settings=\"{&quot;jet_parallax_layout_list&quot;:[]}\">\n\t\t\t\t\t\t<div class=\"elementor-container elementor-column-gap-default\">\n\t\t\t\t\t<div class=\"elementor-column elementor-col-100 elementor-top-column elementor-element elementor-element-1368ff9\" data-id=\"1368ff9\" data-element_type=\"column\">\n\t\t\t<div class=\"elementor-widget-wrap elementor-element-populated\">\n\t\t\t\t\t\t\t<\/div>\n\t\t<\/div>\n\t\t\t\t\t<\/div>\n\t\t<\/section>\n\t\t\t\t<\/div>\n\t\t","protected":false},"excerpt":{"rendered":"<p>Dr. Juan Sep\u00falveda Rojas Profesor Asociado Grados Acad\u00e9micos: Doctor en Ingenier\u00eda Industrial esp. Supply Chain Management. Instituto Nacional Polit\u00e9cnico de Grenoble, Francia. Mag\u00edster en Ciencias de la Ingenier\u00eda menci\u00f3n Ingenier\u00eda Industrial. Universidad de Santiago de Chile, Chile. \u00a0\u00c1reas de Especializaci\u00f3n: Gesti\u00f3n de la Cadena de Suministro y Log\u00edstica Administraci\u00f3n y &hellip; <a class=\"readmore\" href=\"https:\/\/www.ingenieriaindustrial-usach.cl\/en\/juanpedro-sepulveda\/\">Seguir Leyendo <span class=\"meta-nav\">&rarr;<\/span><\/a><\/p>\n","protected":false},"author":3,"featured_media":0,"parent":0,"menu_order":0,"comment_status":"closed","ping_status":"closed","template":"template\/template-landing-page-vc.php","meta":{"footnotes":"","_links_to":"","_links_to_target":""},"yoast_head":"<!-- This site is optimized with the Yoast SEO plugin v23.0 - https:\/\/yoast.com\/wordpress\/plugins\/seo\/ -->\n<title>Cuerpo Acad\u00e9mico del Departamento de Ingenier\u00eda Industrial<\/title>\n<meta name=\"description\" content=\"Cuerpo Acad\u00e9mico del Departamento de Ingenier\u00eda Industrial\" \/>\n<meta name=\"robots\" content=\"index, follow, max-snippet:-1, max-image-preview:large, max-video-preview:-1\" \/>\n<link rel=\"canonical\" href=\"https:\/\/www.ingenieriaindustrial-usach.cl\/juanpedro-sepulveda\/\" \/>\n<meta property=\"og:locale\" content=\"en_US\" \/>\n<meta property=\"og:type\" content=\"article\" \/>\n<meta property=\"og:title\" content=\"Cuerpo Acad\u00e9mico del Departamento de Ingenier\u00eda Industrial\" \/>\n<meta property=\"og:description\" content=\"Cuerpo Acad\u00e9mico del Departamento de Ingenier\u00eda Industrial\" \/>\n<meta property=\"og:url\" content=\"https:\/\/www.ingenieriaindustrial-usach.cl\/juanpedro-sepulveda\/\" \/>\n<meta property=\"og:site_name\" content=\"Departamento de Ingenier\u00eda Industrial Universidad de Santiago\" \/>\n<meta property=\"article:publisher\" content=\"https:\/\/web.facebook.com\/Depto.Ingenieria.industrial.UdeSantiagodeChile?_rdc=1&amp;_rdr\" \/>\n<meta property=\"article:modified_time\" content=\"2025-11-19T20:07:29+00:00\" \/>\n<meta property=\"og:image\" content=\"https:\/\/www.ingenieriaindustrial-usach.cl\/wp-content\/uploads\/2025\/04\/juan-pedro-sepulveda.jpg\" \/>\n<meta name=\"twitter:card\" content=\"summary_large_image\" \/>\n<meta name=\"twitter:label1\" content=\"Est. reading time\" \/>\n\t<meta name=\"twitter:data1\" content=\"4 minutes\" \/>\n<script type=\"application\/ld+json\" class=\"yoast-schema-graph\">{\"@context\":\"https:\/\/schema.org\",\"@graph\":[{\"@type\":\"WebPage\",\"@id\":\"https:\/\/www.ingenieriaindustrial-usach.cl\/juanpedro-sepulveda\/\",\"url\":\"https:\/\/www.ingenieriaindustrial-usach.cl\/juanpedro-sepulveda\/\",\"name\":\"Cuerpo Acad\u00e9mico del Departamento de Ingenier\u00eda Industrial\",\"isPartOf\":{\"@id\":\"https:\/\/www.ingenieriaindustrial-usach.cl\/#website\"},\"primaryImageOfPage\":{\"@id\":\"https:\/\/www.ingenieriaindustrial-usach.cl\/juanpedro-sepulveda\/#primaryimage\"},\"image\":{\"@id\":\"https:\/\/www.ingenieriaindustrial-usach.cl\/juanpedro-sepulveda\/#primaryimage\"},\"thumbnailUrl\":\"https:\/\/www.ingenieriaindustrial-usach.cl\/wp-content\/uploads\/2025\/04\/juan-pedro-sepulveda.jpg\",\"datePublished\":\"2025-03-31T22:37:29+00:00\",\"dateModified\":\"2025-11-19T20:07:29+00:00\",\"description\":\"Cuerpo Acad\u00e9mico del Departamento de Ingenier\u00eda Industrial\",\"breadcrumb\":{\"@id\":\"https:\/\/www.ingenieriaindustrial-usach.cl\/juanpedro-sepulveda\/#breadcrumb\"},\"inLanguage\":\"en-US\",\"potentialAction\":[{\"@type\":\"ReadAction\",\"target\":[\"https:\/\/www.ingenieriaindustrial-usach.cl\/juanpedro-sepulveda\/\"]}]},{\"@type\":\"ImageObject\",\"inLanguage\":\"en-US\",\"@id\":\"https:\/\/www.ingenieriaindustrial-usach.cl\/juanpedro-sepulveda\/#primaryimage\",\"url\":\"https:\/\/www.ingenieriaindustrial-usach.cl\/wp-content\/uploads\/2025\/04\/juan-pedro-sepulveda.jpg\",\"contentUrl\":\"https:\/\/www.ingenieriaindustrial-usach.cl\/wp-content\/uploads\/2025\/04\/juan-pedro-sepulveda.jpg\"},{\"@type\":\"BreadcrumbList\",\"@id\":\"https:\/\/www.ingenieriaindustrial-usach.cl\/juanpedro-sepulveda\/#breadcrumb\",\"itemListElement\":[{\"@type\":\"ListItem\",\"position\":1,\"name\":\"Portada\",\"item\":\"https:\/\/www.ingenieriaindustrial-usach.cl\/\"},{\"@type\":\"ListItem\",\"position\":2,\"name\":\"[:es]Acad\u00e9micos[:]\"}]},{\"@type\":\"WebSite\",\"@id\":\"https:\/\/www.ingenieriaindustrial-usach.cl\/#website\",\"url\":\"https:\/\/www.ingenieriaindustrial-usach.cl\/\",\"name\":\"Departamento de Ingenier\u00eda Industrial Universidad de Santiago\",\"description\":\"Otro sitio realizado con WordPress\",\"publisher\":{\"@id\":\"https:\/\/www.ingenieriaindustrial-usach.cl\/#organization\"},\"potentialAction\":[{\"@type\":\"SearchAction\",\"target\":{\"@type\":\"EntryPoint\",\"urlTemplate\":\"https:\/\/www.ingenieriaindustrial-usach.cl\/?s={search_term_string}\"},\"query-input\":\"required name=search_term_string\"}],\"inLanguage\":\"en-US\"},{\"@type\":\"Organization\",\"@id\":\"https:\/\/www.ingenieriaindustrial-usach.cl\/#organization\",\"name\":\"Departamento de Ingenier\u00eda Industrial Universidad de Santiago\",\"url\":\"https:\/\/www.ingenieriaindustrial-usach.cl\/\",\"logo\":{\"@type\":\"ImageObject\",\"inLanguage\":\"en-US\",\"@id\":\"https:\/\/www.ingenieriaindustrial-usach.cl\/#\/schema\/logo\/image\/\",\"url\":\"https:\/\/www.ingenieriaindustrial-usach.cl\/wp-content\/uploads\/2023\/11\/cropped-favicon_usach-01.png\",\"contentUrl\":\"https:\/\/www.ingenieriaindustrial-usach.cl\/wp-content\/uploads\/2023\/11\/cropped-favicon_usach-01.png\",\"width\":512,\"height\":512,\"caption\":\"Departamento de Ingenier\u00eda Industrial Universidad de Santiago\"},\"image\":{\"@id\":\"https:\/\/www.ingenieriaindustrial-usach.cl\/#\/schema\/logo\/image\/\"},\"sameAs\":[\"https:\/\/web.facebook.com\/Depto.Ingenieria.industrial.UdeSantiagodeChile?_rdc=1&_rdr\",\"https:\/\/www.linkedin.com\/in\/departamento-ingeniera-industrial-usach-94780711b\/\",\"https:\/\/www.instagram.com\/ingenieria_industrial_usach\/\"]}]}<\/script>\n<!-- \/ Yoast SEO plugin. -->","yoast_head_json":{"title":"Cuerpo Acad\u00e9mico del Departamento de Ingenier\u00eda Industrial","description":"Cuerpo Acad\u00e9mico del Departamento de Ingenier\u00eda Industrial","robots":{"index":"index","follow":"follow","max-snippet":"max-snippet:-1","max-image-preview":"max-image-preview:large","max-video-preview":"max-video-preview:-1"},"canonical":"https:\/\/www.ingenieriaindustrial-usach.cl\/juanpedro-sepulveda\/","og_locale":"en_US","og_type":"article","og_title":"Cuerpo Acad\u00e9mico del Departamento de Ingenier\u00eda Industrial","og_description":"Cuerpo Acad\u00e9mico del Departamento de Ingenier\u00eda Industrial","og_url":"https:\/\/www.ingenieriaindustrial-usach.cl\/juanpedro-sepulveda\/","og_site_name":"Departamento de Ingenier\u00eda Industrial Universidad de Santiago","article_publisher":"https:\/\/web.facebook.com\/Depto.Ingenieria.industrial.UdeSantiagodeChile?_rdc=1&_rdr","article_modified_time":"2025-11-19T20:07:29+00:00","og_image":[{"url":"https:\/\/www.ingenieriaindustrial-usach.cl\/wp-content\/uploads\/2025\/04\/juan-pedro-sepulveda.jpg"}],"twitter_card":"summary_large_image","twitter_misc":{"Est. reading time":"4 minutes"},"schema":{"@context":"https:\/\/schema.org","@graph":[{"@type":"WebPage","@id":"https:\/\/www.ingenieriaindustrial-usach.cl\/juanpedro-sepulveda\/","url":"https:\/\/www.ingenieriaindustrial-usach.cl\/juanpedro-sepulveda\/","name":"Cuerpo Acad\u00e9mico del Departamento de Ingenier\u00eda Industrial","isPartOf":{"@id":"https:\/\/www.ingenieriaindustrial-usach.cl\/#website"},"primaryImageOfPage":{"@id":"https:\/\/www.ingenieriaindustrial-usach.cl\/juanpedro-sepulveda\/#primaryimage"},"image":{"@id":"https:\/\/www.ingenieriaindustrial-usach.cl\/juanpedro-sepulveda\/#primaryimage"},"thumbnailUrl":"https:\/\/www.ingenieriaindustrial-usach.cl\/wp-content\/uploads\/2025\/04\/juan-pedro-sepulveda.jpg","datePublished":"2025-03-31T22:37:29+00:00","dateModified":"2025-11-19T20:07:29+00:00","description":"Cuerpo Acad\u00e9mico del Departamento de Ingenier\u00eda Industrial","breadcrumb":{"@id":"https:\/\/www.ingenieriaindustrial-usach.cl\/juanpedro-sepulveda\/#breadcrumb"},"inLanguage":"en-US","potentialAction":[{"@type":"ReadAction","target":["https:\/\/www.ingenieriaindustrial-usach.cl\/juanpedro-sepulveda\/"]}]},{"@type":"ImageObject","inLanguage":"en-US","@id":"https:\/\/www.ingenieriaindustrial-usach.cl\/juanpedro-sepulveda\/#primaryimage","url":"https:\/\/www.ingenieriaindustrial-usach.cl\/wp-content\/uploads\/2025\/04\/juan-pedro-sepulveda.jpg","contentUrl":"https:\/\/www.ingenieriaindustrial-usach.cl\/wp-content\/uploads\/2025\/04\/juan-pedro-sepulveda.jpg"},{"@type":"BreadcrumbList","@id":"https:\/\/www.ingenieriaindustrial-usach.cl\/juanpedro-sepulveda\/#breadcrumb","itemListElement":[{"@type":"ListItem","position":1,"name":"Portada","item":"https:\/\/www.ingenieriaindustrial-usach.cl\/"},{"@type":"ListItem","position":2,"name":"[:es]Acad\u00e9micos[:]"}]},{"@type":"WebSite","@id":"https:\/\/www.ingenieriaindustrial-usach.cl\/#website","url":"https:\/\/www.ingenieriaindustrial-usach.cl\/","name":"Departamento de Ingenier\u00eda Industrial Universidad de Santiago","description":"Otro sitio realizado con WordPress","publisher":{"@id":"https:\/\/www.ingenieriaindustrial-usach.cl\/#organization"},"potentialAction":[{"@type":"SearchAction","target":{"@type":"EntryPoint","urlTemplate":"https:\/\/www.ingenieriaindustrial-usach.cl\/?s={search_term_string}"},"query-input":"required name=search_term_string"}],"inLanguage":"en-US"},{"@type":"Organization","@id":"https:\/\/www.ingenieriaindustrial-usach.cl\/#organization","name":"Departamento de Ingenier\u00eda Industrial Universidad de Santiago","url":"https:\/\/www.ingenieriaindustrial-usach.cl\/","logo":{"@type":"ImageObject","inLanguage":"en-US","@id":"https:\/\/www.ingenieriaindustrial-usach.cl\/#\/schema\/logo\/image\/","url":"https:\/\/www.ingenieriaindustrial-usach.cl\/wp-content\/uploads\/2023\/11\/cropped-favicon_usach-01.png","contentUrl":"https:\/\/www.ingenieriaindustrial-usach.cl\/wp-content\/uploads\/2023\/11\/cropped-favicon_usach-01.png","width":512,"height":512,"caption":"Departamento de Ingenier\u00eda Industrial Universidad de Santiago"},"image":{"@id":"https:\/\/www.ingenieriaindustrial-usach.cl\/#\/schema\/logo\/image\/"},"sameAs":["https:\/\/web.facebook.com\/Depto.Ingenieria.industrial.UdeSantiagodeChile?_rdc=1&_rdr","https:\/\/www.linkedin.com\/in\/departamento-ingeniera-industrial-usach-94780711b\/","https:\/\/www.instagram.com\/ingenieria_industrial_usach\/"]}]}},"_links":{"self":[{"href":"https:\/\/www.ingenieriaindustrial-usach.cl\/en\/wp-json\/wp\/v2\/pages\/16810"}],"collection":[{"href":"https:\/\/www.ingenieriaindustrial-usach.cl\/en\/wp-json\/wp\/v2\/pages"}],"about":[{"href":"https:\/\/www.ingenieriaindustrial-usach.cl\/en\/wp-json\/wp\/v2\/types\/page"}],"author":[{"embeddable":true,"href":"https:\/\/www.ingenieriaindustrial-usach.cl\/en\/wp-json\/wp\/v2\/users\/3"}],"replies":[{"embeddable":true,"href":"https:\/\/www.ingenieriaindustrial-usach.cl\/en\/wp-json\/wp\/v2\/comments?post=16810"}],"version-history":[{"count":23,"href":"https:\/\/www.ingenieriaindustrial-usach.cl\/en\/wp-json\/wp\/v2\/pages\/16810\/revisions"}],"predecessor-version":[{"id":22376,"href":"https:\/\/www.ingenieriaindustrial-usach.cl\/en\/wp-json\/wp\/v2\/pages\/16810\/revisions\/22376"}],"wp:attachment":[{"href":"https:\/\/www.ingenieriaindustrial-usach.cl\/en\/wp-json\/wp\/v2\/media?parent=16810"}],"curies":[{"name":"wp","href":"https:\/\/api.w.org\/{rel}","templated":true}]}}