{"id":16761,"date":"2025-03-31T13:25:43","date_gmt":"2025-03-31T16:25:43","guid":{"rendered":"https:\/\/www.ingenieriaindustrial-usach.cl\/?page_id=16761"},"modified":"2025-11-19T16:54:16","modified_gmt":"2025-11-19T19:54:16","slug":"ivan-derpich","status":"publish","type":"page","link":"https:\/\/www.ingenieriaindustrial-usach.cl\/en\/ivan-derpich\/","title":{"rendered":"(Espa\u00f1ol) Acad\u00e9micos"},"content":{"rendered":"\t\t<div data-elementor-type=\"wp-page\" data-elementor-id=\"16761\" class=\"elementor elementor-16761\" data-elementor-post-type=\"page\">\n\t\t\t\t\t\t<section class=\"elementor-section elementor-top-section elementor-element elementor-element-89d4b29 elementor-section-full_width elementor-section-height-default elementor-section-height-default\" data-id=\"89d4b29\" data-element_type=\"section\" data-settings=\"{&quot;jet_parallax_layout_list&quot;:[]}\">\n\t\t\t\t\t\t<div class=\"elementor-container elementor-column-gap-default\">\n\t\t\t\t\t<div class=\"elementor-column elementor-col-100 elementor-top-column elementor-element elementor-element-ffaa7ce\" data-id=\"ffaa7ce\" data-element_type=\"column\">\n\t\t\t<div class=\"elementor-widget-wrap elementor-element-populated\">\n\t\t\t\t\t\t<div class=\"elementor-element elementor-element-0efa5b1 elementor-widget elementor-widget-smartslider3\" data-id=\"0efa5b1\" data-element_type=\"widget\" data-widget_type=\"smartslider3.default\">\n\t\t\t\t<div class=\"elementor-widget-container\">\n\t\t\t<div class=\"elementor-smartslider\"><\/div>\t\t<\/div>\n\t\t\t\t<\/div>\n\t\t\t\t\t<\/div>\n\t\t<\/div>\n\t\t\t\t\t<\/div>\n\t\t<\/section>\n\t\t\t\t<section class=\"elementor-section elementor-top-section elementor-element elementor-element-b917c91 elementor-section-boxed elementor-section-height-default elementor-section-height-default\" data-id=\"b917c91\" data-element_type=\"section\" data-settings=\"{&quot;jet_parallax_layout_list&quot;:[]}\">\n\t\t\t\t\t\t<div class=\"elementor-container elementor-column-gap-default\">\n\t\t\t\t\t<div class=\"elementor-column elementor-col-50 elementor-top-column elementor-element elementor-element-d3573fe\" data-id=\"d3573fe\" data-element_type=\"column\">\n\t\t\t<div class=\"elementor-widget-wrap elementor-element-populated\">\n\t\t\t\t\t\t<div class=\"elementor-element elementor-element-de3e502 elementor-widget__width-initial elementor-widget elementor-widget-image\" data-id=\"de3e502\" data-element_type=\"widget\" data-widget_type=\"image.default\">\n\t\t\t\t<div class=\"elementor-widget-container\">\n\t\t\t<style>\/*! elementor - v3.22.0 - 26-06-2024 *\/\n.elementor-widget-image{text-align:center}.elementor-widget-image a{display:inline-block}.elementor-widget-image a img[src$=\".svg\"]{width:48px}.elementor-widget-image img{vertical-align:middle;display:inline-block}<\/style>\t\t\t\t\t\t\t\t\t\t<img fetchpriority=\"high\" decoding=\"async\" width=\"1000\" height=\"1248\" src=\"https:\/\/www.ingenieriaindustrial-usach.cl\/wp-content\/uploads\/2025\/10\/prof_Derpich.jpg\" class=\"elementor-animation-shrink attachment-full size-full wp-image-21827\" alt=\"\" srcset=\"https:\/\/www.ingenieriaindustrial-usach.cl\/wp-content\/uploads\/2025\/10\/prof_Derpich.jpg 1000w, https:\/\/www.ingenieriaindustrial-usach.cl\/wp-content\/uploads\/2025\/10\/prof_Derpich-240x300.jpg 240w, https:\/\/www.ingenieriaindustrial-usach.cl\/wp-content\/uploads\/2025\/10\/prof_Derpich-821x1024.jpg 821w, https:\/\/www.ingenieriaindustrial-usach.cl\/wp-content\/uploads\/2025\/10\/prof_Derpich-768x958.jpg 768w\" sizes=\"(max-width: 1000px) 100vw, 1000px\" \/>\t\t\t\t\t\t\t\t\t\t\t\t\t<\/div>\n\t\t\t\t<\/div>\n\t\t\t\t<div class=\"elementor-element elementor-element-180bc6b elementor-widget elementor-widget-text-editor\" data-id=\"180bc6b\" data-element_type=\"widget\" data-widget_type=\"text-editor.default\">\n\t\t\t\t<div class=\"elementor-widget-container\">\n\t\t\t<style>\/*! elementor - v3.22.0 - 26-06-2024 *\/\n.elementor-widget-text-editor.elementor-drop-cap-view-stacked .elementor-drop-cap{background-color:#69727d;color:#fff}.elementor-widget-text-editor.elementor-drop-cap-view-framed .elementor-drop-cap{color:#69727d;border:3px solid;background-color:transparent}.elementor-widget-text-editor:not(.elementor-drop-cap-view-default) .elementor-drop-cap{margin-top:8px}.elementor-widget-text-editor:not(.elementor-drop-cap-view-default) .elementor-drop-cap-letter{width:1em;height:1em}.elementor-widget-text-editor .elementor-drop-cap{float:left;text-align:center;line-height:1;font-size:50px}.elementor-widget-text-editor .elementor-drop-cap-letter{display:inline-block}<\/style>\t\t\t\t<p style=\"text-align: justify;\"><span style=\"color: #07abab; font-family: helvetica; font-size: 25px;\"><strong>Dr. Iv\u00e1n Derpich Contreras<\/strong><\/span><\/p><p style=\"text-align: justify;\"><span style=\"font-family: arial, helvetica, sans-serif; font-size: 20px;\">Profesor Asociado<\/span><\/p>\t\t\t\t\t\t<\/div>\n\t\t\t\t<\/div>\n\t\t\t\t\t<\/div>\n\t\t<\/div>\n\t\t\t\t<div class=\"elementor-column elementor-col-50 elementor-top-column elementor-element elementor-element-20a5d12\" data-id=\"20a5d12\" data-element_type=\"column\">\n\t\t\t<div class=\"elementor-widget-wrap elementor-element-populated\">\n\t\t\t\t\t\t<div class=\"elementor-element elementor-element-bcc2b7b elementor-widget elementor-widget-text-editor\" data-id=\"bcc2b7b\" data-element_type=\"widget\" data-widget_type=\"text-editor.default\">\n\t\t\t\t<div class=\"elementor-widget-container\">\n\t\t\t\t\t\t\t<h2><span style=\"background-color: transparent; font-family: helvetica; font-size: 20px; font-weight: bold; white-space-collapse: preserve; color: #24aba6;\">Grados Acad\u00e9micos:<\/span><\/h2><div><ul><li style=\"font-weight: 400; text-align: justify;\" aria-level=\"1\"><span style=\"font-size: 17px; font-family: helvetica; color: #000000;\">Mag\u00edster en Ciencias de la Ingenier\u00eda, menci\u00f3n Ingenier\u00eda Industrial<span style=\"font-weight: 400;\">. Pontificia Universidad Cat\u00f3lica de Chile. Chile.<\/span><\/span><\/li><li style=\"font-weight: 400; text-align: justify;\" aria-level=\"1\"><span style=\"font-size: 17px; font-family: helvetica; color: #000000;\">Doctor en Ciencias de la Ingenier\u00eda, menci\u00f3n Ingenier\u00eda Industrial. Pontificia Universidad Cat\u00f3lica de Chile, Chile.<\/span><\/li><\/ul><p><span style=\"font-family: helvetica; color: #24aba6;\"><strong><span style=\"font-size: 20px;\">\u00a0<\/span><\/strong><\/span><b style=\"color: #24aba6; font-family: helvetica; font-size: 20px; word-spacing: 1px;\">\u00c1reas de Especializaci\u00f3n:<\/b><\/p><ul><li style=\"font-weight: 400;\" aria-level=\"1\"><span style=\"font-weight: 400; color: #000000; font-family: helvetica; font-size: 17px;\">Investigaci\u00f3n de Operaciones\u00a0<\/span><\/li><li style=\"font-weight: 400;\" aria-level=\"1\"><span style=\"font-weight: 400; color: #000000; font-family: helvetica; font-size: 17px;\">Optimizaci\u00f3n Matem\u00e1tica.<\/span><\/li><li style=\"font-weight: 400;\" aria-level=\"1\"><span style=\"font-weight: 400; color: #000000; font-family: helvetica; font-size: 17px;\">Log\u00edstica nacional y de empresas industriales.<\/span><\/li><li style=\"font-weight: 400;\" aria-level=\"1\"><span style=\"font-weight: 400; color: #000000; font-family: helvetica; font-size: 17px;\">Ley de responsabilidad extendida del productor.<\/span><\/li><li style=\"font-weight: 400;\" aria-level=\"1\"><span style=\"font-weight: 400; color: #000000; font-family: helvetica; font-size: 17px;\">Modelos estoc\u00e1sticos.<\/span><\/li><\/ul><div><span style=\"color: #000000; font-family: helvetica;\"><span style=\"font-size: 17px;\">\u00a0<\/span><\/span><strong style=\"font-size: 13px; color: #24aba6; font-family: helvetica;\"><span style=\"font-size: 20px; word-spacing: 1px;\">Contacto<\/span><\/strong><\/div><p><span style=\"color: #000000; font-family: helvetica; font-size: 14px;\"><span style=\"font-size: 14px;\"><span style=\"font-size: 14px;\"><strong><span style=\"color: #24aba6; font-size: 17px;\"><img decoding=\"async\" class=\"alignnone size-full wp-image-22316\" src=\"https:\/\/www.ingenieriaindustrial-usach.cl\/wp-content\/uploads\/2025\/11\/buz_1.png\" alt=\"\" width=\"35\" height=\"28\" \/>\u00a0ivan.derpich@usach.cl<\/span><\/strong><\/span><\/span><\/span><\/p><\/div>\t\t\t\t\t\t<\/div>\n\t\t\t\t<\/div>\n\t\t\t\t\t<\/div>\n\t\t<\/div>\n\t\t\t\t\t<\/div>\n\t\t<\/section>\n\t\t\t\t<section class=\"elementor-section elementor-top-section elementor-element elementor-element-33117e8 elementor-section-boxed elementor-section-height-default elementor-section-height-default\" data-id=\"33117e8\" data-element_type=\"section\" data-settings=\"{&quot;jet_parallax_layout_list&quot;:[],&quot;background_background&quot;:&quot;classic&quot;}\">\n\t\t\t\t\t\t<div class=\"elementor-container elementor-column-gap-default\">\n\t\t\t\t\t<div class=\"elementor-column elementor-col-100 elementor-top-column elementor-element elementor-element-7c6eada\" data-id=\"7c6eada\" data-element_type=\"column\">\n\t\t\t<div class=\"elementor-widget-wrap elementor-element-populated\">\n\t\t\t\t\t\t<div class=\"elementor-element elementor-element-05badd0 elementor-widget__width-initial elementor-tabs-view-vertical elementor-widget elementor-widget-tabs\" data-id=\"05badd0\" data-element_type=\"widget\" data-widget_type=\"tabs.default\">\n\t\t\t\t<div class=\"elementor-widget-container\">\n\t\t\t<style>\/*! elementor - v3.22.0 - 26-06-2024 *\/\n.elementor-widget-tabs.elementor-tabs-view-vertical .elementor-tabs-wrapper{width:25%;flex-shrink:0}.elementor-widget-tabs.elementor-tabs-view-vertical .elementor-tab-desktop-title.elementor-active{border-inline-end-style:none}.elementor-widget-tabs.elementor-tabs-view-vertical .elementor-tab-desktop-title.elementor-active:after,.elementor-widget-tabs.elementor-tabs-view-vertical .elementor-tab-desktop-title.elementor-active:before{height:999em;width:0;right:0;border-inline-end-style:solid}.elementor-widget-tabs.elementor-tabs-view-vertical .elementor-tab-desktop-title.elementor-active:before{top:0;transform:translateY(-100%)}.elementor-widget-tabs.elementor-tabs-view-vertical .elementor-tab-desktop-title.elementor-active:after{top:100%}.elementor-widget-tabs.elementor-tabs-view-horizontal .elementor-tab-desktop-title{display:table-cell}.elementor-widget-tabs.elementor-tabs-view-horizontal .elementor-tab-desktop-title.elementor-active{border-bottom-style:none}.elementor-widget-tabs.elementor-tabs-view-horizontal .elementor-tab-desktop-title.elementor-active:after,.elementor-widget-tabs.elementor-tabs-view-horizontal .elementor-tab-desktop-title.elementor-active:before{bottom:0;height:0;width:999em;border-bottom-style:solid}.elementor-widget-tabs.elementor-tabs-view-horizontal .elementor-tab-desktop-title.elementor-active:before{right:100%}.elementor-widget-tabs.elementor-tabs-view-horizontal .elementor-tab-desktop-title.elementor-active:after{left:100%}.elementor-widget-tabs .elementor-tab-content,.elementor-widget-tabs .elementor-tab-title,.elementor-widget-tabs .elementor-tab-title:after,.elementor-widget-tabs .elementor-tab-title:before,.elementor-widget-tabs .elementor-tabs-content-wrapper{border:1px #d5d8dc}.elementor-widget-tabs .elementor-tabs{text-align:start}.elementor-widget-tabs .elementor-tabs-wrapper{overflow:hidden}.elementor-widget-tabs .elementor-tab-title{cursor:pointer;outline:var(--focus-outline,none)}.elementor-widget-tabs .elementor-tab-desktop-title{position:relative;padding:20px 25px;font-weight:700;line-height:1;border:solid transparent}.elementor-widget-tabs .elementor-tab-desktop-title.elementor-active{border-color:#d5d8dc}.elementor-widget-tabs .elementor-tab-desktop-title.elementor-active:after,.elementor-widget-tabs .elementor-tab-desktop-title.elementor-active:before{display:block;content:\"\";position:absolute}.elementor-widget-tabs .elementor-tab-desktop-title:focus-visible{border:1px solid #000}.elementor-widget-tabs .elementor-tab-mobile-title{padding:10px;cursor:pointer}.elementor-widget-tabs .elementor-tab-content{padding:20px;display:none}@media (max-width:767px){.elementor-tabs .elementor-tab-content,.elementor-tabs .elementor-tab-title{border-style:solid solid none}.elementor-tabs .elementor-tabs-wrapper{display:none}.elementor-tabs .elementor-tabs-content-wrapper{border-bottom-style:solid}.elementor-tabs .elementor-tab-content{padding:10px}}@media (min-width:768px){.elementor-widget-tabs.elementor-tabs-view-vertical .elementor-tabs{display:flex}.elementor-widget-tabs.elementor-tabs-view-vertical .elementor-tabs-wrapper{flex-direction:column}.elementor-widget-tabs.elementor-tabs-view-vertical .elementor-tabs-content-wrapper{flex-grow:1;border-style:solid solid solid none}.elementor-widget-tabs.elementor-tabs-view-horizontal .elementor-tab-content{border-style:none solid solid}.elementor-widget-tabs.elementor-tabs-alignment-center .elementor-tabs-wrapper,.elementor-widget-tabs.elementor-tabs-alignment-end .elementor-tabs-wrapper,.elementor-widget-tabs.elementor-tabs-alignment-stretch .elementor-tabs-wrapper{display:flex}.elementor-widget-tabs.elementor-tabs-alignment-center .elementor-tabs-wrapper{justify-content:center}.elementor-widget-tabs.elementor-tabs-alignment-end .elementor-tabs-wrapper{justify-content:flex-end}.elementor-widget-tabs.elementor-tabs-alignment-stretch.elementor-tabs-view-horizontal .elementor-tab-title{width:100%}.elementor-widget-tabs.elementor-tabs-alignment-stretch.elementor-tabs-view-vertical .elementor-tab-title{height:100%}.elementor-tabs .elementor-tab-mobile-title{display:none}}<\/style>\t\t<div class=\"elementor-tabs\">\n\t\t\t<div class=\"elementor-tabs-wrapper\" role=\"tablist\" >\n\t\t\t\t\t\t\t\t\t<div id=\"elementor-tab-title-6001\" class=\"elementor-tab-title elementor-tab-desktop-title\" aria-selected=\"true\" data-tab=\"1\" role=\"tab\" tabindex=\"0\" aria-controls=\"elementor-tab-content-6001\" aria-expanded=\"false\">Biograf\u00eda<\/div>\n\t\t\t\t\t\t\t\t\t<div id=\"elementor-tab-title-6002\" class=\"elementor-tab-title elementor-tab-desktop-title\" aria-selected=\"false\" data-tab=\"2\" role=\"tab\" tabindex=\"-1\" aria-controls=\"elementor-tab-content-6002\" aria-expanded=\"false\">Investigaci\u00f3n<\/div>\n\t\t\t\t\t\t\t\t\t<div id=\"elementor-tab-title-6003\" class=\"elementor-tab-title elementor-tab-desktop-title\" aria-selected=\"false\" data-tab=\"3\" role=\"tab\" tabindex=\"-1\" aria-controls=\"elementor-tab-content-6003\" aria-expanded=\"false\">Publicaciones<\/div>\n\t\t\t\t\t\t\t\t\t<div id=\"elementor-tab-title-6004\" class=\"elementor-tab-title elementor-tab-desktop-title\" aria-selected=\"false\" data-tab=\"4\" role=\"tab\" tabindex=\"-1\" aria-controls=\"elementor-tab-content-6004\" aria-expanded=\"false\">Docencia<\/div>\n\t\t\t\t\t\t\t<\/div>\n\t\t\t<div class=\"elementor-tabs-content-wrapper\" role=\"tablist\" aria-orientation=\"vertical\">\n\t\t\t\t\t\t\t\t\t<div class=\"elementor-tab-title elementor-tab-mobile-title\" aria-selected=\"true\" data-tab=\"1\" role=\"tab\" tabindex=\"0\" aria-controls=\"elementor-tab-content-6001\" aria-expanded=\"false\">Biograf\u00eda<\/div>\n\t\t\t\t\t<div id=\"elementor-tab-content-6001\" class=\"elementor-tab-content elementor-clearfix\" data-tab=\"1\" role=\"tabpanel\" aria-labelledby=\"elementor-tab-title-6001\" tabindex=\"0\" hidden=\"false\"><p style=\"text-align: justify;\"><span style=\"font-weight: 400; color: #000000; font-size: 17px; font-family: helvetica;\">El Dr. Iv\u00e1n Sergio Derpich Contreras es Ingeniero Civil Industrial destacado por su contribuci\u00f3n acad\u00e9mica en las \u00e1reas de Investigaci\u00f3n de Operaciones, Optimizaci\u00f3n Matem\u00e1tica y Log\u00edstica. Con una s\u00f3lida formaci\u00f3n, obtuvo su Mag\u00edster y Doctorado en Ciencias de la Ingenier\u00eda, menci\u00f3n Ingenier\u00eda Industrial, en la Pontificia Universidad Cat\u00f3lica de Chile. Su trabajo se enfoca en resolver problemas complejos de la industria, como la optimizaci\u00f3n de procesos log\u00edsticos, la aplicaci\u00f3n de modelos estoc\u00e1sticos y el desarrollo de estrategias sostenibles bajo la Ley de Responsabilidad Extendida del Productor.<\/span><\/p><p style=\"text-align: justify;\"><span style=\"font-weight: 400; color: #000000; font-size: 17px; font-family: helvetica;\">Su producci\u00f3n cient\u00edfica incluye publicaciones en revistas indexadas (WoS\/Scopus) sobre optimizaci\u00f3n portuaria, reducci\u00f3n de emisiones en transporte multimodal y dise\u00f1o de algoritmos para distribuci\u00f3n eficiente. Ha participado en congresos internacionales, presentando soluciones innovadoras en log\u00edstica y miner\u00eda. Como investigador principal, ha liderado proyectos financiados por CORFO y la USACH, enfocados en programaci\u00f3n lineal y eficiencia computacional.<\/span><\/p><p style=\"text-align: justify;\"><span style=\"font-weight: 400; color: #000000; font-size: 17px; font-family: helvetica;\">En docencia, imparte cursos de pregrado y postgrado, como Modelos Estoc\u00e1sticos y Optimizaci\u00f3n, integrando herramientas avanzadas de Investigaci\u00f3n de Operaciones.\u00a0<\/span><\/p><p style=\"text-align: justify;\"><span style=\"font-weight: 400; color: #000000; font-size: 17px; font-family: helvetica;\">Entre sus reconocimientos, destacan el haber sido ganador del concurso &#8220;Proyectos de incentivo a la creaci\u00f3n de SPIN OFF&#8221; (2018), que incluy\u00f3 una pasant\u00eda en la Universidad de Stanford, y del concurso &#8220;Proyecto de perfeccionamiento docente para la cooperaci\u00f3n Universidad-Empresa&#8221; (2017), realizado en colaboraci\u00f3n con la Escuela de Ciencias Aplicadas de M\u00fcnster, Alemania.\u00a0<\/span><\/p><p style=\"text-align: justify;\"><span style=\"font-weight: 400; font-size: 17px; font-family: helvetica; color: #000000;\">Destaca su colaboraci\u00f3n interdisciplinaria en proyectos de econom\u00eda circular y sostenibilidad, como el dise\u00f1o de infraestructura urbana eficiente y optimizaci\u00f3n de redes log\u00edsticas mineras. <\/span><\/p><\/div>\n\t\t\t\t\t\t\t\t\t<div class=\"elementor-tab-title elementor-tab-mobile-title\" aria-selected=\"false\" data-tab=\"2\" role=\"tab\" tabindex=\"-1\" aria-controls=\"elementor-tab-content-6002\" aria-expanded=\"false\">Investigaci\u00f3n<\/div>\n\t\t\t\t\t<div id=\"elementor-tab-content-6002\" class=\"elementor-tab-content elementor-clearfix\" data-tab=\"2\" role=\"tabpanel\" aria-labelledby=\"elementor-tab-title-6002\" tabindex=\"0\" hidden=\"hidden\"><h3 style=\"text-align: justify;\"><span style=\"font-size: 17px; font-family: helvetica; color: #000000;\"><b>Proyectos con Fondos Internos:<\/b><\/span><\/h3><ul style=\"text-align: justify;\"><li style=\"font-weight: 400;\" aria-level=\"1\"><span style=\"font-size: 17px; font-family: helvetica; color: #000000;\"><b>Investigador Principal \u2013<\/b><span style=\"font-weight: 400;\"> Proyecto DICYT (2021-2022). Exploraci\u00f3n de nuevas medidas de rendimiento computacional en Programaci\u00f3n Lineal Entera.<\/span><\/span><\/li><li style=\"font-weight: 400;\" aria-level=\"1\"><span style=\"font-size: 17px; font-family: helvetica; color: #000000;\"><b>Director \u2013<\/b><span style=\"font-weight: 400;\"> Proyecto DGT-IDC (2014-2015). Desarrollo de un prototipo de software para programaci\u00f3n lineal orientado a problemas de gran tama\u00f1o.<\/span><\/span><\/li><li style=\"font-weight: 400;\" aria-level=\"1\"><span style=\"font-size: 17px; font-family: helvetica; color: #000000;\"><b>Investigador Principal \u2013<\/b><span style=\"font-weight: 400;\"> Proyecto DICYT (2013-2015). Exploraci\u00f3n de nuevas estrategias de ramificaci\u00f3n en el algoritmo Branch and Bound.<\/span><\/span><\/li><\/ul><h3 style=\"text-align: justify;\"><span style=\"font-size: 17px; font-family: helvetica; color: #000000;\"><b>Proyectos con Fondos Externos:<\/b><\/span><\/h3><ul><li style=\"font-weight: 400; text-align: justify;\" aria-level=\"1\"><span style=\"font-size: 17px; font-family: helvetica; color: #000000;\"><b>Director \u2013<\/b><span style=\"font-weight: 400;\"> Proyecto CORFO (2016-2017). Validaci\u00f3n y empaquetamiento de software de programaci\u00f3n lineal para problemas de gran tama\u00f1o.<\/span><\/span><\/li><li style=\"font-weight: 400; text-align: justify;\" aria-level=\"1\"><span style=\"font-size: 17px; font-family: helvetica; color: #000000;\"><b>Co-Investigador \u2013<\/b><span style=\"font-weight: 400;\"> Proyecto Anillo ACT (2005-2006). An\u00e1lisis, modelado y optimizaci\u00f3n de la aplicaci\u00f3n de tecnolog\u00edas inal\u00e1mbricas.<\/span><\/span><\/li><\/ul><\/div>\n\t\t\t\t\t\t\t\t\t<div class=\"elementor-tab-title elementor-tab-mobile-title\" aria-selected=\"false\" data-tab=\"3\" role=\"tab\" tabindex=\"-1\" aria-controls=\"elementor-tab-content-6003\" aria-expanded=\"false\">Publicaciones<\/div>\n\t\t\t\t\t<div id=\"elementor-tab-content-6003\" class=\"elementor-tab-content elementor-clearfix\" data-tab=\"3\" role=\"tabpanel\" aria-labelledby=\"elementor-tab-title-6003\" tabindex=\"0\" hidden=\"hidden\"><p style=\"text-align: justify;\"><span style=\"font-family: helvetica; font-size: 17px; color: #000000;\"><b>Publicaciones y Congresos:<\/b><\/span><\/p><p style=\"text-align: justify;\"><span style=\"font-family: helvetica; font-size: 17px; color: #000000;\"><b>Art\u00edculos en Revistas Indexadas (WoS y Scopus):<\/b><\/span><\/p><ol style=\"text-align: justify;\"><li style=\"font-weight: 400;\" aria-level=\"1\"><span style=\"font-family: helvetica; font-size: 17px; color: #000000;\"><span style=\"font-weight: 400;\">Herrera-Vidal, G., Coronado-Hern\u00e1ndez, J. R., Derpich-Contreras, I., Paredes, B. P. M., &amp; Gatica, G. (2025). Measuring Complexity in Manufacturing: Integrating Entropic Methods, Programming and Simulation. <\/span><span style=\"font-weight: 400;\">Entropy<\/span><span style=\"font-weight: 400;\">, <\/span><span style=\"font-weight: 400;\">27<\/span><span style=\"font-weight: 400;\">(1), 50. <\/span><span style=\"color: #24aba6;\"><strong><a style=\"color: #24aba6;\" href=\"https:\/\/doi.org\/10.3390\/e27010050\">DOI<\/a>\u00a0<\/strong><\/span><\/span><\/li><li style=\"font-weight: 400;\" aria-level=\"1\"><span style=\"font-family: helvetica; font-size: 17px; color: #000000;\"><span style=\"font-weight: 400;\">Dur\u00e1n, C., Derpich, I., Moreno, F., Karbassi Yazdi, A., &amp; Tan, Y. (2024). Modelling Sustainable Port Operations: Balancing Inputs and Outputs with the Cobb\u2013Douglas Function. <\/span><span style=\"font-weight: 400;\">Journal of Marine Science and Engineering<\/span><span style=\"font-weight: 400;\">, <\/span><span style=\"font-weight: 400;\">12<\/span><span style=\"font-weight: 400;\"><span style=\"color: #000000;\">(12), 2285.<\/span> <\/span><span style=\"color: #24aba6;\"><strong><a style=\"color: #24aba6;\" href=\"https:\/\/doi.org\/10.3390\/jmse12122285\">DOI<\/a>\u00a0<\/strong><\/span><\/span><\/li><li style=\"font-weight: 400;\" aria-level=\"1\"><span style=\"font-family: helvetica; font-size: 17px; color: #000000;\"><span style=\"font-weight: 400;\">Derpich, I., Duran, C., Carrasco, R., Moreno, F., Fernandez-Campusano, C., &amp; Espinosa-Leal, L. (2024). Pursuing Optimization Using Multimodal Transportation System: A Strategic Approach to Minimizing Costs and CO<\/span><span style=\"font-weight: 400;\">2<\/span><span style=\"font-weight: 400;\"> Emissions. <\/span><span style=\"font-weight: 400;\">Journal of Marine Science and Engineering<\/span><span style=\"font-weight: 400;\">, <\/span><span style=\"font-weight: 400;\">12<\/span><span style=\"font-weight: 400;\">(6), 976. <\/span><span style=\"color: #24aba6;\"><strong><a style=\"color: #24aba6;\" href=\"https:\/\/doi.org\/10.3390\/jmse12060976\">DOI<\/a>\u00a0<\/strong><\/span><\/span><\/li><\/ol><p style=\"text-align: justify;\"><span style=\"font-family: helvetica; font-size: 17px; color: #000000;\"><b>Ponencias en Congresos Internacionales:<\/b><\/span><\/p><ol style=\"text-align: justify;\"><li style=\"font-weight: 400;\" aria-level=\"1\"><span style=\"font-family: helvetica; font-size: 17px; color: #000000;\"><span style=\"font-weight: 400;\"><span style=\"color: #000000;\">Benavente, D., Gatica, G., Derpich, I. (2022). Classification of Computed Tomography Images with Pleural Effusion Disease Using Convolutional Neural Networks. In: Arai, K. (eds) Intelligent Systems and Applications. IntelliSys 2021. Lecture Notes in Networks and Systems, vol 296. Springer, Cham.<\/span> <\/span><span style=\"color: #24aba6;\"><strong><a style=\"color: #24aba6;\" href=\"https:\/\/doi.org\/10.1007\/978-3-030-82199-9_37\">DOI<\/a>\u00a0<\/strong><\/span><\/span><\/li><li style=\"font-weight: 400;\" aria-level=\"1\"><span style=\"font-family: helvetica; font-size: 17px; color: #000000;\"><span style=\"font-weight: 400;\">Barraza, R., Sep\u00falveda, J.M., Venegas, J., Monardes, V., Derpich, I. (2021). A Model for Solving Optimal Location of Hubs: A Case Study for Recovery of Tailings Dams. In: Dzitac, I., Dzitac, S., Filip, F., Kacprzyk, J., Manolescu, MJ., Oros, H. (eds) Intelligent Methods in Computing, Communications and Control. ICCCC 2020. Advances in Intelligent Systems and Computing, vol 1243. Springer, Cham. <\/span><span style=\"color: #24aba6;\"><strong><a style=\"color: #24aba6;\" href=\"https:\/\/doi.org\/10.1007\/978-3-030-53651-0_26\">DOI<\/a>\u00a0<\/strong><\/span><\/span><\/li><li style=\"font-weight: 400;\" aria-level=\"1\"><span style=\"font-family: helvetica; font-size: 17px; color: #000000;\"><span style=\"font-weight: 400;\">Derpich, D. Miranda and J. Sepulveda, &#8220;Using drones in a warehouse with minimum energy consumption,&#8221; <\/span><span style=\"font-weight: 400;\">2018 7th International Conference on Computers Communications and Control (ICCCC)<\/span><span style=\"font-weight: 400;\">, Oradea, Romania, 2018, pp. 97-102. <\/span><span style=\"color: #24aba6;\"><strong><a style=\"color: #24aba6;\" href=\"http:\/\/doi.org\/10.1109\/ICCCC.2018.8390444\">DOI<\/a><\/strong><\/span><\/span><\/li><\/ol><p style=\"text-align: justify;\"><strong><span style=\"font-family: helvetica; font-size: 17px; color: #000000;\">Puede encontrar todas sus publicaciones <a href=\"https:\/\/www.researchgate.net\/profile\/Ivan-Derpich\" target=\"_blank\" rel=\"noopener\">aqu\u00ed<\/a><\/span><\/strong><\/p><p style=\"text-align: justify;\">\u00a0<\/p><\/div>\n\t\t\t\t\t\t\t\t\t<div class=\"elementor-tab-title elementor-tab-mobile-title\" aria-selected=\"false\" data-tab=\"4\" role=\"tab\" tabindex=\"-1\" aria-controls=\"elementor-tab-content-6004\" aria-expanded=\"false\">Docencia<\/div>\n\t\t\t\t\t<div id=\"elementor-tab-content-6004\" class=\"elementor-tab-content elementor-clearfix\" data-tab=\"4\" role=\"tabpanel\" aria-labelledby=\"elementor-tab-title-6004\" tabindex=\"0\" hidden=\"hidden\"><p><strong><span style=\"font-family: helvetica; font-size: 17px; color: #000000;\">Pregrado<\/span><\/strong><\/p><ul><li aria-level=\"1\"><span style=\"font-family: helvetica; font-size: 17px; color: #000000;\">Modelos estoc\u00e1sticos\u00a0<\/span><\/li><li aria-level=\"1\"><span style=\"font-family: helvetica; font-size: 17px; color: #000000;\">Optimizaci\u00f3n l<\/span><\/li><li aria-level=\"1\"><span style=\"font-family: helvetica; font-size: 17px; color: #000000;\">Log\u00edstica Nacional usando t\u00e9cnicas de la IO<\/span><\/li><\/ul><p><strong><span style=\"font-family: helvetica; font-size: 17px; color: #000000;\">Postgrado<\/span><\/strong><\/p><ul><li aria-level=\"1\"><span style=\"font-family: helvetica; font-size: 17px; color: #000000;\">Log\u00edstica Nacional usando t\u00e9cnicas de la IO<\/span><\/li><li aria-level=\"1\"><span style=\"font-family: helvetica; font-size: 17px; color: #000000;\">Seminario de Investigaci\u00f3n<\/span><\/li><li aria-level=\"1\"><span style=\"font-family: helvetica; font-size: 17px; color: #000000;\">Metodolog\u00eda de la Investigaci\u00f3n<\/span><\/li><li aria-level=\"1\"><span style=\"font-family: helvetica; font-size: 17px; color: #000000;\">Programaci\u00f3n Entera<\/span><\/li><li aria-level=\"1\"><span style=\"font-family: helvetica; font-size: 17px; color: #000000;\">Dise\u00f1o y An\u00e1lisis Experimental<\/span><\/li><li aria-level=\"1\"><span style=\"font-family: helvetica; font-size: 17px; color: #000000;\">Programaci\u00f3n Entera<\/span><\/li><\/ul><\/div>\n\t\t\t\t\t\t\t<\/div>\n\t\t<\/div>\n\t\t\t\t<\/div>\n\t\t\t\t<\/div>\n\t\t\t\t\t<\/div>\n\t\t<\/div>\n\t\t\t\t\t<\/div>\n\t\t<\/section>\n\t\t\t\t<section class=\"elementor-section elementor-top-section elementor-element elementor-element-eeb6824 elementor-section-boxed elementor-section-height-default elementor-section-height-default\" data-id=\"eeb6824\" data-element_type=\"section\" data-settings=\"{&quot;jet_parallax_layout_list&quot;:[],&quot;background_background&quot;:&quot;classic&quot;,&quot;background_motion_fx_motion_fx_scrolling&quot;:&quot;yes&quot;,&quot;background_motion_fx_translateX_effect&quot;:&quot;yes&quot;,&quot;background_motion_fx_translateX_direction&quot;:&quot;negative&quot;,&quot;background_motion_fx_translateX_speed&quot;:{&quot;unit&quot;:&quot;px&quot;,&quot;size&quot;:0,&quot;sizes&quot;:[]},&quot;background_motion_fx_translateX_affectedRange&quot;:{&quot;unit&quot;:&quot;%&quot;,&quot;size&quot;:&quot;&quot;,&quot;sizes&quot;:{&quot;start&quot;:0,&quot;end&quot;:100}},&quot;background_motion_fx_devices&quot;:[&quot;desktop&quot;,&quot;tablet&quot;,&quot;mobile&quot;]}\">\n\t\t\t\t\t\t\t<div class=\"elementor-background-overlay\"><\/div>\n\t\t\t\t\t\t\t<div class=\"elementor-container elementor-column-gap-default\">\n\t\t\t\t\t<div class=\"elementor-column elementor-col-100 elementor-top-column elementor-element elementor-element-fac20bc\" data-id=\"fac20bc\" data-element_type=\"column\">\n\t\t\t<div class=\"elementor-widget-wrap elementor-element-populated\">\n\t\t\t\t\t\t<div class=\"elementor-element elementor-element-db142b9 elementor-widget__width-initial elementor-widget elementor-widget-heading\" data-id=\"db142b9\" data-element_type=\"widget\" data-widget_type=\"heading.default\">\n\t\t\t\t<div class=\"elementor-widget-container\">\n\t\t\t<style>\/*! elementor - v3.22.0 - 26-06-2024 *\/\n.elementor-heading-title{padding:0;margin:0;line-height:1}.elementor-widget-heading .elementor-heading-title[class*=elementor-size-]>a{color:inherit;font-size:inherit;line-height:inherit}.elementor-widget-heading .elementor-heading-title.elementor-size-small{font-size:15px}.elementor-widget-heading .elementor-heading-title.elementor-size-medium{font-size:19px}.elementor-widget-heading .elementor-heading-title.elementor-size-large{font-size:29px}.elementor-widget-heading .elementor-heading-title.elementor-size-xl{font-size:39px}.elementor-widget-heading .elementor-heading-title.elementor-size-xxl{font-size:59px}<\/style><h2 class=\"elementor-heading-title elementor-size-default\">El cuerpo acad\u00e9mico del Departamento de Ingenier\u00eda Industrial de la USACH destaca por su excelencia en docencia e investigaci\u00f3n, con experiencia en optimizaci\u00f3n, gesti\u00f3n y an\u00e1lisis de datos, vincul\u00e1ndose activamente con la industria.<\/h2>\t\t<\/div>\n\t\t\t\t<\/div>\n\t\t\t\t\t<\/div>\n\t\t<\/div>\n\t\t\t\t\t<\/div>\n\t\t<\/section>\n\t\t\t\t<section class=\"elementor-section elementor-top-section elementor-element elementor-element-f046c5e elementor-section-boxed elementor-section-height-default elementor-section-height-default\" data-id=\"f046c5e\" data-element_type=\"section\" data-settings=\"{&quot;jet_parallax_layout_list&quot;:[]}\">\n\t\t\t\t\t\t<div class=\"elementor-container elementor-column-gap-default\">\n\t\t\t\t\t<div class=\"elementor-column elementor-col-100 elementor-top-column elementor-element elementor-element-1368ff9\" data-id=\"1368ff9\" data-element_type=\"column\">\n\t\t\t<div class=\"elementor-widget-wrap elementor-element-populated\">\n\t\t\t\t\t\t\t<\/div>\n\t\t<\/div>\n\t\t\t\t\t<\/div>\n\t\t<\/section>\n\t\t\t\t<\/div>\n\t\t","protected":false},"excerpt":{"rendered":"<p>Dr. Iv\u00e1n Derpich Contreras Profesor Asociado Grados Acad\u00e9micos: Mag\u00edster en Ciencias de la Ingenier\u00eda, menci\u00f3n Ingenier\u00eda Industrial. Pontificia Universidad Cat\u00f3lica de Chile. Chile. Doctor en Ciencias de la Ingenier\u00eda, menci\u00f3n Ingenier\u00eda Industrial. Pontificia Universidad Cat\u00f3lica de Chile, Chile. \u00a0\u00c1reas de Especializaci\u00f3n: Investigaci\u00f3n de Operaciones\u00a0 Optimizaci\u00f3n Matem\u00e1tica. Log\u00edstica nacional y de &hellip; <a class=\"readmore\" href=\"https:\/\/www.ingenieriaindustrial-usach.cl\/en\/ivan-derpich\/\">Seguir Leyendo <span class=\"meta-nav\">&rarr;<\/span><\/a><\/p>\n","protected":false},"author":3,"featured_media":0,"parent":0,"menu_order":0,"comment_status":"closed","ping_status":"closed","template":"template\/template-landing-page-vc.php","meta":{"footnotes":"","_links_to":"","_links_to_target":""},"yoast_head":"<!-- This site is optimized with the Yoast SEO plugin v23.0 - https:\/\/yoast.com\/wordpress\/plugins\/seo\/ -->\n<title>Cuerpo Acad\u00e9mico del Departamento de Ingenier\u00eda Industrial<\/title>\n<meta name=\"description\" content=\"Cuerpo Acad\u00e9mico del Departamento de Ingenier\u00eda Industrial\" \/>\n<meta name=\"robots\" content=\"index, follow, max-snippet:-1, max-image-preview:large, max-video-preview:-1\" \/>\n<link rel=\"canonical\" href=\"https:\/\/www.ingenieriaindustrial-usach.cl\/ivan-derpich\/\" \/>\n<meta property=\"og:locale\" content=\"en_US\" \/>\n<meta property=\"og:type\" content=\"article\" \/>\n<meta property=\"og:title\" content=\"Cuerpo Acad\u00e9mico del Departamento de Ingenier\u00eda Industrial\" \/>\n<meta property=\"og:description\" content=\"Cuerpo Acad\u00e9mico del Departamento de Ingenier\u00eda Industrial\" \/>\n<meta property=\"og:url\" content=\"https:\/\/www.ingenieriaindustrial-usach.cl\/ivan-derpich\/\" \/>\n<meta property=\"og:site_name\" content=\"Departamento de Ingenier\u00eda Industrial Universidad de Santiago\" \/>\n<meta property=\"article:publisher\" content=\"https:\/\/web.facebook.com\/Depto.Ingenieria.industrial.UdeSantiagodeChile?_rdc=1&amp;_rdr\" \/>\n<meta property=\"article:modified_time\" content=\"2025-11-19T19:54:16+00:00\" \/>\n<meta property=\"og:image\" content=\"https:\/\/www.ingenieriaindustrial-usach.cl\/wp-content\/uploads\/2025\/10\/prof_Derpich.jpg\" \/>\n<meta name=\"twitter:card\" content=\"summary_large_image\" \/>\n<meta name=\"twitter:label1\" content=\"Est. reading time\" \/>\n\t<meta name=\"twitter:data1\" content=\"4 minutes\" \/>\n<script type=\"application\/ld+json\" class=\"yoast-schema-graph\">{\"@context\":\"https:\/\/schema.org\",\"@graph\":[{\"@type\":\"WebPage\",\"@id\":\"https:\/\/www.ingenieriaindustrial-usach.cl\/ivan-derpich\/\",\"url\":\"https:\/\/www.ingenieriaindustrial-usach.cl\/ivan-derpich\/\",\"name\":\"Cuerpo Acad\u00e9mico del Departamento de Ingenier\u00eda Industrial\",\"isPartOf\":{\"@id\":\"https:\/\/www.ingenieriaindustrial-usach.cl\/#website\"},\"primaryImageOfPage\":{\"@id\":\"https:\/\/www.ingenieriaindustrial-usach.cl\/ivan-derpich\/#primaryimage\"},\"image\":{\"@id\":\"https:\/\/www.ingenieriaindustrial-usach.cl\/ivan-derpich\/#primaryimage\"},\"thumbnailUrl\":\"https:\/\/www.ingenieriaindustrial-usach.cl\/wp-content\/uploads\/2025\/10\/prof_Derpich.jpg\",\"datePublished\":\"2025-03-31T16:25:43+00:00\",\"dateModified\":\"2025-11-19T19:54:16+00:00\",\"description\":\"Cuerpo Acad\u00e9mico del Departamento de Ingenier\u00eda Industrial\",\"breadcrumb\":{\"@id\":\"https:\/\/www.ingenieriaindustrial-usach.cl\/ivan-derpich\/#breadcrumb\"},\"inLanguage\":\"en-US\",\"potentialAction\":[{\"@type\":\"ReadAction\",\"target\":[\"https:\/\/www.ingenieriaindustrial-usach.cl\/ivan-derpich\/\"]}]},{\"@type\":\"ImageObject\",\"inLanguage\":\"en-US\",\"@id\":\"https:\/\/www.ingenieriaindustrial-usach.cl\/ivan-derpich\/#primaryimage\",\"url\":\"https:\/\/www.ingenieriaindustrial-usach.cl\/wp-content\/uploads\/2025\/10\/prof_Derpich.jpg\",\"contentUrl\":\"https:\/\/www.ingenieriaindustrial-usach.cl\/wp-content\/uploads\/2025\/10\/prof_Derpich.jpg\"},{\"@type\":\"BreadcrumbList\",\"@id\":\"https:\/\/www.ingenieriaindustrial-usach.cl\/ivan-derpich\/#breadcrumb\",\"itemListElement\":[{\"@type\":\"ListItem\",\"position\":1,\"name\":\"Portada\",\"item\":\"https:\/\/www.ingenieriaindustrial-usach.cl\/\"},{\"@type\":\"ListItem\",\"position\":2,\"name\":\"[:es]Acad\u00e9micos[:]\"}]},{\"@type\":\"WebSite\",\"@id\":\"https:\/\/www.ingenieriaindustrial-usach.cl\/#website\",\"url\":\"https:\/\/www.ingenieriaindustrial-usach.cl\/\",\"name\":\"Departamento de Ingenier\u00eda Industrial Universidad de Santiago\",\"description\":\"Otro sitio realizado con WordPress\",\"publisher\":{\"@id\":\"https:\/\/www.ingenieriaindustrial-usach.cl\/#organization\"},\"potentialAction\":[{\"@type\":\"SearchAction\",\"target\":{\"@type\":\"EntryPoint\",\"urlTemplate\":\"https:\/\/www.ingenieriaindustrial-usach.cl\/?s={search_term_string}\"},\"query-input\":\"required name=search_term_string\"}],\"inLanguage\":\"en-US\"},{\"@type\":\"Organization\",\"@id\":\"https:\/\/www.ingenieriaindustrial-usach.cl\/#organization\",\"name\":\"Departamento de Ingenier\u00eda Industrial Universidad de Santiago\",\"url\":\"https:\/\/www.ingenieriaindustrial-usach.cl\/\",\"logo\":{\"@type\":\"ImageObject\",\"inLanguage\":\"en-US\",\"@id\":\"https:\/\/www.ingenieriaindustrial-usach.cl\/#\/schema\/logo\/image\/\",\"url\":\"https:\/\/www.ingenieriaindustrial-usach.cl\/wp-content\/uploads\/2023\/11\/cropped-favicon_usach-01.png\",\"contentUrl\":\"https:\/\/www.ingenieriaindustrial-usach.cl\/wp-content\/uploads\/2023\/11\/cropped-favicon_usach-01.png\",\"width\":512,\"height\":512,\"caption\":\"Departamento de Ingenier\u00eda Industrial Universidad de Santiago\"},\"image\":{\"@id\":\"https:\/\/www.ingenieriaindustrial-usach.cl\/#\/schema\/logo\/image\/\"},\"sameAs\":[\"https:\/\/web.facebook.com\/Depto.Ingenieria.industrial.UdeSantiagodeChile?_rdc=1&_rdr\",\"https:\/\/www.linkedin.com\/in\/departamento-ingeniera-industrial-usach-94780711b\/\",\"https:\/\/www.instagram.com\/ingenieria_industrial_usach\/\"]}]}<\/script>\n<!-- \/ Yoast SEO plugin. -->","yoast_head_json":{"title":"Cuerpo Acad\u00e9mico del Departamento de Ingenier\u00eda Industrial","description":"Cuerpo Acad\u00e9mico del Departamento de Ingenier\u00eda Industrial","robots":{"index":"index","follow":"follow","max-snippet":"max-snippet:-1","max-image-preview":"max-image-preview:large","max-video-preview":"max-video-preview:-1"},"canonical":"https:\/\/www.ingenieriaindustrial-usach.cl\/ivan-derpich\/","og_locale":"en_US","og_type":"article","og_title":"Cuerpo Acad\u00e9mico del Departamento de Ingenier\u00eda Industrial","og_description":"Cuerpo Acad\u00e9mico del Departamento de Ingenier\u00eda Industrial","og_url":"https:\/\/www.ingenieriaindustrial-usach.cl\/ivan-derpich\/","og_site_name":"Departamento de Ingenier\u00eda Industrial Universidad de Santiago","article_publisher":"https:\/\/web.facebook.com\/Depto.Ingenieria.industrial.UdeSantiagodeChile?_rdc=1&_rdr","article_modified_time":"2025-11-19T19:54:16+00:00","og_image":[{"url":"https:\/\/www.ingenieriaindustrial-usach.cl\/wp-content\/uploads\/2025\/10\/prof_Derpich.jpg"}],"twitter_card":"summary_large_image","twitter_misc":{"Est. reading time":"4 minutes"},"schema":{"@context":"https:\/\/schema.org","@graph":[{"@type":"WebPage","@id":"https:\/\/www.ingenieriaindustrial-usach.cl\/ivan-derpich\/","url":"https:\/\/www.ingenieriaindustrial-usach.cl\/ivan-derpich\/","name":"Cuerpo Acad\u00e9mico del Departamento de Ingenier\u00eda Industrial","isPartOf":{"@id":"https:\/\/www.ingenieriaindustrial-usach.cl\/#website"},"primaryImageOfPage":{"@id":"https:\/\/www.ingenieriaindustrial-usach.cl\/ivan-derpich\/#primaryimage"},"image":{"@id":"https:\/\/www.ingenieriaindustrial-usach.cl\/ivan-derpich\/#primaryimage"},"thumbnailUrl":"https:\/\/www.ingenieriaindustrial-usach.cl\/wp-content\/uploads\/2025\/10\/prof_Derpich.jpg","datePublished":"2025-03-31T16:25:43+00:00","dateModified":"2025-11-19T19:54:16+00:00","description":"Cuerpo Acad\u00e9mico del Departamento de Ingenier\u00eda Industrial","breadcrumb":{"@id":"https:\/\/www.ingenieriaindustrial-usach.cl\/ivan-derpich\/#breadcrumb"},"inLanguage":"en-US","potentialAction":[{"@type":"ReadAction","target":["https:\/\/www.ingenieriaindustrial-usach.cl\/ivan-derpich\/"]}]},{"@type":"ImageObject","inLanguage":"en-US","@id":"https:\/\/www.ingenieriaindustrial-usach.cl\/ivan-derpich\/#primaryimage","url":"https:\/\/www.ingenieriaindustrial-usach.cl\/wp-content\/uploads\/2025\/10\/prof_Derpich.jpg","contentUrl":"https:\/\/www.ingenieriaindustrial-usach.cl\/wp-content\/uploads\/2025\/10\/prof_Derpich.jpg"},{"@type":"BreadcrumbList","@id":"https:\/\/www.ingenieriaindustrial-usach.cl\/ivan-derpich\/#breadcrumb","itemListElement":[{"@type":"ListItem","position":1,"name":"Portada","item":"https:\/\/www.ingenieriaindustrial-usach.cl\/"},{"@type":"ListItem","position":2,"name":"[:es]Acad\u00e9micos[:]"}]},{"@type":"WebSite","@id":"https:\/\/www.ingenieriaindustrial-usach.cl\/#website","url":"https:\/\/www.ingenieriaindustrial-usach.cl\/","name":"Departamento de Ingenier\u00eda Industrial Universidad de Santiago","description":"Otro sitio realizado con WordPress","publisher":{"@id":"https:\/\/www.ingenieriaindustrial-usach.cl\/#organization"},"potentialAction":[{"@type":"SearchAction","target":{"@type":"EntryPoint","urlTemplate":"https:\/\/www.ingenieriaindustrial-usach.cl\/?s={search_term_string}"},"query-input":"required name=search_term_string"}],"inLanguage":"en-US"},{"@type":"Organization","@id":"https:\/\/www.ingenieriaindustrial-usach.cl\/#organization","name":"Departamento de Ingenier\u00eda Industrial Universidad de Santiago","url":"https:\/\/www.ingenieriaindustrial-usach.cl\/","logo":{"@type":"ImageObject","inLanguage":"en-US","@id":"https:\/\/www.ingenieriaindustrial-usach.cl\/#\/schema\/logo\/image\/","url":"https:\/\/www.ingenieriaindustrial-usach.cl\/wp-content\/uploads\/2023\/11\/cropped-favicon_usach-01.png","contentUrl":"https:\/\/www.ingenieriaindustrial-usach.cl\/wp-content\/uploads\/2023\/11\/cropped-favicon_usach-01.png","width":512,"height":512,"caption":"Departamento de Ingenier\u00eda Industrial Universidad de Santiago"},"image":{"@id":"https:\/\/www.ingenieriaindustrial-usach.cl\/#\/schema\/logo\/image\/"},"sameAs":["https:\/\/web.facebook.com\/Depto.Ingenieria.industrial.UdeSantiagodeChile?_rdc=1&_rdr","https:\/\/www.linkedin.com\/in\/departamento-ingeniera-industrial-usach-94780711b\/","https:\/\/www.instagram.com\/ingenieria_industrial_usach\/"]}]}},"_links":{"self":[{"href":"https:\/\/www.ingenieriaindustrial-usach.cl\/en\/wp-json\/wp\/v2\/pages\/16761"}],"collection":[{"href":"https:\/\/www.ingenieriaindustrial-usach.cl\/en\/wp-json\/wp\/v2\/pages"}],"about":[{"href":"https:\/\/www.ingenieriaindustrial-usach.cl\/en\/wp-json\/wp\/v2\/types\/page"}],"author":[{"embeddable":true,"href":"https:\/\/www.ingenieriaindustrial-usach.cl\/en\/wp-json\/wp\/v2\/users\/3"}],"replies":[{"embeddable":true,"href":"https:\/\/www.ingenieriaindustrial-usach.cl\/en\/wp-json\/wp\/v2\/comments?post=16761"}],"version-history":[{"count":39,"href":"https:\/\/www.ingenieriaindustrial-usach.cl\/en\/wp-json\/wp\/v2\/pages\/16761\/revisions"}],"predecessor-version":[{"id":22331,"href":"https:\/\/www.ingenieriaindustrial-usach.cl\/en\/wp-json\/wp\/v2\/pages\/16761\/revisions\/22331"}],"wp:attachment":[{"href":"https:\/\/www.ingenieriaindustrial-usach.cl\/en\/wp-json\/wp\/v2\/media?parent=16761"}],"curies":[{"name":"wp","href":"https:\/\/api.w.org\/{rel}","templated":true}]}}