{"id":16551,"date":"2025-03-26T16:07:36","date_gmt":"2025-03-26T19:07:36","guid":{"rendered":"https:\/\/www.ingenieriaindustrial-usach.cl\/?page_id=16551"},"modified":"2025-11-19T17:01:55","modified_gmt":"2025-11-19T20:01:55","slug":"pedro-palominos","status":"publish","type":"page","link":"https:\/\/www.ingenieriaindustrial-usach.cl\/en\/pedro-palominos\/","title":{"rendered":"(Espa\u00f1ol) Acad\u00e9micos"},"content":{"rendered":"\t\t<div data-elementor-type=\"wp-page\" data-elementor-id=\"16551\" class=\"elementor elementor-16551\" data-elementor-post-type=\"page\">\n\t\t\t\t\t\t<section class=\"elementor-section elementor-top-section elementor-element elementor-element-89d4b29 elementor-section-full_width elementor-section-height-default elementor-section-height-default\" data-id=\"89d4b29\" data-element_type=\"section\" data-settings=\"{&quot;jet_parallax_layout_list&quot;:[]}\">\n\t\t\t\t\t\t<div class=\"elementor-container elementor-column-gap-default\">\n\t\t\t\t\t<div class=\"elementor-column elementor-col-100 elementor-top-column elementor-element elementor-element-ffaa7ce\" data-id=\"ffaa7ce\" data-element_type=\"column\">\n\t\t\t<div class=\"elementor-widget-wrap elementor-element-populated\">\n\t\t\t\t\t\t<div class=\"elementor-element elementor-element-0efa5b1 elementor-widget elementor-widget-smartslider3\" data-id=\"0efa5b1\" data-element_type=\"widget\" data-widget_type=\"smartslider3.default\">\n\t\t\t\t<div class=\"elementor-widget-container\">\n\t\t\t<div class=\"elementor-smartslider\"><\/div>\t\t<\/div>\n\t\t\t\t<\/div>\n\t\t\t\t\t<\/div>\n\t\t<\/div>\n\t\t\t\t\t<\/div>\n\t\t<\/section>\n\t\t\t\t<section class=\"elementor-section elementor-top-section elementor-element elementor-element-b917c91 elementor-section-boxed elementor-section-height-default elementor-section-height-default\" data-id=\"b917c91\" data-element_type=\"section\" data-settings=\"{&quot;jet_parallax_layout_list&quot;:[]}\">\n\t\t\t\t\t\t<div class=\"elementor-container elementor-column-gap-default\">\n\t\t\t\t\t<div class=\"elementor-column elementor-col-50 elementor-top-column elementor-element elementor-element-d3573fe\" data-id=\"d3573fe\" data-element_type=\"column\">\n\t\t\t<div class=\"elementor-widget-wrap elementor-element-populated\">\n\t\t\t\t\t\t<div class=\"elementor-element elementor-element-de3e502 elementor-widget__width-initial elementor-widget elementor-widget-image\" data-id=\"de3e502\" data-element_type=\"widget\" data-widget_type=\"image.default\">\n\t\t\t\t<div class=\"elementor-widget-container\">\n\t\t\t<style>\/*! elementor - v3.22.0 - 26-06-2024 *\/\n.elementor-widget-image{text-align:center}.elementor-widget-image a{display:inline-block}.elementor-widget-image a img[src$=\".svg\"]{width:48px}.elementor-widget-image img{vertical-align:middle;display:inline-block}<\/style>\t\t\t\t\t\t\t\t\t\t<img fetchpriority=\"high\" decoding=\"async\" width=\"1000\" height=\"1248\" src=\"https:\/\/www.ingenieriaindustrial-usach.cl\/wp-content\/uploads\/2025\/04\/pedro-palominos2.jpg\" class=\"elementor-animation-shrink attachment-full size-full wp-image-16853\" alt=\"\" srcset=\"https:\/\/www.ingenieriaindustrial-usach.cl\/wp-content\/uploads\/2025\/04\/pedro-palominos2.jpg 1000w, https:\/\/www.ingenieriaindustrial-usach.cl\/wp-content\/uploads\/2025\/04\/pedro-palominos2-240x300.jpg 240w, https:\/\/www.ingenieriaindustrial-usach.cl\/wp-content\/uploads\/2025\/04\/pedro-palominos2-821x1024.jpg 821w, https:\/\/www.ingenieriaindustrial-usach.cl\/wp-content\/uploads\/2025\/04\/pedro-palominos2-768x958.jpg 768w\" sizes=\"(max-width: 1000px) 100vw, 1000px\" \/>\t\t\t\t\t\t\t\t\t\t\t\t\t<\/div>\n\t\t\t\t<\/div>\n\t\t\t\t<div class=\"elementor-element elementor-element-180bc6b elementor-widget elementor-widget-text-editor\" data-id=\"180bc6b\" data-element_type=\"widget\" data-widget_type=\"text-editor.default\">\n\t\t\t\t<div class=\"elementor-widget-container\">\n\t\t\t<style>\/*! elementor - v3.22.0 - 26-06-2024 *\/\n.elementor-widget-text-editor.elementor-drop-cap-view-stacked .elementor-drop-cap{background-color:#69727d;color:#fff}.elementor-widget-text-editor.elementor-drop-cap-view-framed .elementor-drop-cap{color:#69727d;border:3px solid;background-color:transparent}.elementor-widget-text-editor:not(.elementor-drop-cap-view-default) .elementor-drop-cap{margin-top:8px}.elementor-widget-text-editor:not(.elementor-drop-cap-view-default) .elementor-drop-cap-letter{width:1em;height:1em}.elementor-widget-text-editor .elementor-drop-cap{float:left;text-align:center;line-height:1;font-size:50px}.elementor-widget-text-editor .elementor-drop-cap-letter{display:inline-block}<\/style>\t\t\t\t<p style=\"text-align: justify;\"><span style=\"color: #07abab; font-family: helvetica; font-size: 25px;\"><strong>Dr. Pedro Palominos Belmar<\/strong><\/span><\/p><p style=\"text-align: justify;\"><span style=\"font-family: arial, helvetica, sans-serif; font-size: 20px;\">Profesor Titular<\/span><\/p>\t\t\t\t\t\t<\/div>\n\t\t\t\t<\/div>\n\t\t\t\t\t<\/div>\n\t\t<\/div>\n\t\t\t\t<div class=\"elementor-column elementor-col-50 elementor-top-column elementor-element elementor-element-20a5d12\" data-id=\"20a5d12\" data-element_type=\"column\">\n\t\t\t<div class=\"elementor-widget-wrap elementor-element-populated\">\n\t\t\t\t\t\t<div class=\"elementor-element elementor-element-bcc2b7b elementor-widget elementor-widget-text-editor\" data-id=\"bcc2b7b\" data-element_type=\"widget\" data-widget_type=\"text-editor.default\">\n\t\t\t\t<div class=\"elementor-widget-container\">\n\t\t\t\t\t\t\t<h2><span style=\"font-family: helvetica; color: #07abab; font-size: 20px;\"><b>Grados Acad\u00e9micos:<\/b><\/span><\/h2><ul><li style=\"font-weight: 400;\" aria-level=\"1\"><span style=\"font-weight: 400; font-family: helvetica; color: #000000; font-size: 17px;\">Doctor Ingeniero Industrial. Universidad Polit\u00e9cnica de Catalu\u00f1a, Espa\u00f1a.\u00a0<\/span><\/li><li style=\"font-weight: 400;\" aria-level=\"1\"><span style=\"font-weight: 400; font-family: helvetica; color: #000000; font-size: 17px;\">Mag\u00edster en Ciencias de la Ingenier\u00eda de la Producci\u00f3n. Universidad Federal de R\u00edo de Janeiro (COPPE\/UFRJ), Brasil.\u00a0<\/span><\/li><\/ul><h2><span style=\"font-family: helvetica; color: #07abab; font-size: 20px;\"><b>\u00c1reas de Especializaci\u00f3n:<\/b><\/span><\/h2><ul><li style=\"font-weight: 400;\" aria-level=\"1\"><span style=\"font-weight: 400; font-family: helvetica; color: #000000; font-size: 17px;\">Sistemas de Operaciones (Gesti\u00f3n y Dise\u00f1o)\u00a0<\/span><\/li><li style=\"font-weight: 400;\" aria-level=\"1\"><span style=\"font-weight: 400; font-family: helvetica; color: #000000; font-size: 17px;\">Innovaci\u00f3n Tecnol\u00f3gica\u00a0<\/span><\/li><li style=\"font-weight: 400;\" aria-level=\"1\"><span style=\"font-weight: 400; font-family: helvetica; color: #000000; font-size: 17px;\">Toma de Decisiones\u00a0<\/span><\/li><li style=\"font-weight: 400;\" aria-level=\"1\"><span style=\"font-weight: 400; font-family: helvetica; color: #000000; font-size: 17px;\">Gesti\u00f3n de la Calidad\u00a0<\/span><\/li><li style=\"font-weight: 400;\" aria-level=\"1\"><span style=\"font-weight: 400; font-family: helvetica; color: #000000; font-size: 17px;\">Log\u00edstica e Inteligencia Artificial\u00a0<\/span><\/li><li style=\"font-weight: 400;\" aria-level=\"1\"><span style=\"font-weight: 400; font-family: helvetica; color: #000000; font-size: 17px;\">Smart Cities<\/span><\/li><\/ul><div><div><span style=\"font-family: helvetica; font-size: 20px;\"><span style=\"color: #000000;\">\u00a0<\/span><strong style=\"color: #24aba6;\"><span style=\"word-spacing: 1px;\">Contacto<\/span><\/strong><\/span><\/div><p><a href=\"mailto:pedro.palominos@usach.cl\" target=\"_blank\" rel=\"noopener\"><span style=\"color: #000000; font-family: helvetica;\" data-wp-editing=\"1\"><span style=\"font-size: 17px; color: #24aba6;\"><b><span style=\"font-weight: 400;\"><strong><img decoding=\"async\" class=\"alignnone size-full wp-image-22316\" src=\"https:\/\/www.ingenieriaindustrial-usach.cl\/wp-content\/uploads\/2025\/11\/buz_1.png\" alt=\"\" width=\"35\" height=\"28\" \/>pedro.palominos@usach.cl<\/strong><\/span><\/b><\/span><\/span><\/a><\/p><\/div>\t\t\t\t\t\t<\/div>\n\t\t\t\t<\/div>\n\t\t\t\t\t<\/div>\n\t\t<\/div>\n\t\t\t\t\t<\/div>\n\t\t<\/section>\n\t\t\t\t<section class=\"elementor-section elementor-top-section elementor-element elementor-element-33117e8 elementor-section-boxed elementor-section-height-default elementor-section-height-default\" data-id=\"33117e8\" data-element_type=\"section\" data-settings=\"{&quot;jet_parallax_layout_list&quot;:[],&quot;background_background&quot;:&quot;classic&quot;}\">\n\t\t\t\t\t\t<div class=\"elementor-container elementor-column-gap-default\">\n\t\t\t\t\t<div class=\"elementor-column elementor-col-100 elementor-top-column elementor-element elementor-element-7c6eada\" data-id=\"7c6eada\" data-element_type=\"column\">\n\t\t\t<div class=\"elementor-widget-wrap elementor-element-populated\">\n\t\t\t\t\t\t<div class=\"elementor-element elementor-element-05badd0 elementor-widget__width-initial elementor-tabs-view-vertical elementor-widget elementor-widget-tabs\" data-id=\"05badd0\" data-element_type=\"widget\" data-widget_type=\"tabs.default\">\n\t\t\t\t<div class=\"elementor-widget-container\">\n\t\t\t<style>\/*! elementor - v3.22.0 - 26-06-2024 *\/\n.elementor-widget-tabs.elementor-tabs-view-vertical .elementor-tabs-wrapper{width:25%;flex-shrink:0}.elementor-widget-tabs.elementor-tabs-view-vertical .elementor-tab-desktop-title.elementor-active{border-inline-end-style:none}.elementor-widget-tabs.elementor-tabs-view-vertical .elementor-tab-desktop-title.elementor-active:after,.elementor-widget-tabs.elementor-tabs-view-vertical .elementor-tab-desktop-title.elementor-active:before{height:999em;width:0;right:0;border-inline-end-style:solid}.elementor-widget-tabs.elementor-tabs-view-vertical .elementor-tab-desktop-title.elementor-active:before{top:0;transform:translateY(-100%)}.elementor-widget-tabs.elementor-tabs-view-vertical .elementor-tab-desktop-title.elementor-active:after{top:100%}.elementor-widget-tabs.elementor-tabs-view-horizontal .elementor-tab-desktop-title{display:table-cell}.elementor-widget-tabs.elementor-tabs-view-horizontal .elementor-tab-desktop-title.elementor-active{border-bottom-style:none}.elementor-widget-tabs.elementor-tabs-view-horizontal .elementor-tab-desktop-title.elementor-active:after,.elementor-widget-tabs.elementor-tabs-view-horizontal .elementor-tab-desktop-title.elementor-active:before{bottom:0;height:0;width:999em;border-bottom-style:solid}.elementor-widget-tabs.elementor-tabs-view-horizontal .elementor-tab-desktop-title.elementor-active:before{right:100%}.elementor-widget-tabs.elementor-tabs-view-horizontal .elementor-tab-desktop-title.elementor-active:after{left:100%}.elementor-widget-tabs .elementor-tab-content,.elementor-widget-tabs .elementor-tab-title,.elementor-widget-tabs .elementor-tab-title:after,.elementor-widget-tabs .elementor-tab-title:before,.elementor-widget-tabs .elementor-tabs-content-wrapper{border:1px #d5d8dc}.elementor-widget-tabs .elementor-tabs{text-align:start}.elementor-widget-tabs .elementor-tabs-wrapper{overflow:hidden}.elementor-widget-tabs .elementor-tab-title{cursor:pointer;outline:var(--focus-outline,none)}.elementor-widget-tabs .elementor-tab-desktop-title{position:relative;padding:20px 25px;font-weight:700;line-height:1;border:solid transparent}.elementor-widget-tabs .elementor-tab-desktop-title.elementor-active{border-color:#d5d8dc}.elementor-widget-tabs .elementor-tab-desktop-title.elementor-active:after,.elementor-widget-tabs .elementor-tab-desktop-title.elementor-active:before{display:block;content:\"\";position:absolute}.elementor-widget-tabs .elementor-tab-desktop-title:focus-visible{border:1px solid #000}.elementor-widget-tabs .elementor-tab-mobile-title{padding:10px;cursor:pointer}.elementor-widget-tabs .elementor-tab-content{padding:20px;display:none}@media (max-width:767px){.elementor-tabs .elementor-tab-content,.elementor-tabs .elementor-tab-title{border-style:solid solid none}.elementor-tabs .elementor-tabs-wrapper{display:none}.elementor-tabs .elementor-tabs-content-wrapper{border-bottom-style:solid}.elementor-tabs .elementor-tab-content{padding:10px}}@media (min-width:768px){.elementor-widget-tabs.elementor-tabs-view-vertical .elementor-tabs{display:flex}.elementor-widget-tabs.elementor-tabs-view-vertical .elementor-tabs-wrapper{flex-direction:column}.elementor-widget-tabs.elementor-tabs-view-vertical .elementor-tabs-content-wrapper{flex-grow:1;border-style:solid solid solid none}.elementor-widget-tabs.elementor-tabs-view-horizontal .elementor-tab-content{border-style:none solid solid}.elementor-widget-tabs.elementor-tabs-alignment-center .elementor-tabs-wrapper,.elementor-widget-tabs.elementor-tabs-alignment-end .elementor-tabs-wrapper,.elementor-widget-tabs.elementor-tabs-alignment-stretch .elementor-tabs-wrapper{display:flex}.elementor-widget-tabs.elementor-tabs-alignment-center .elementor-tabs-wrapper{justify-content:center}.elementor-widget-tabs.elementor-tabs-alignment-end .elementor-tabs-wrapper{justify-content:flex-end}.elementor-widget-tabs.elementor-tabs-alignment-stretch.elementor-tabs-view-horizontal .elementor-tab-title{width:100%}.elementor-widget-tabs.elementor-tabs-alignment-stretch.elementor-tabs-view-vertical .elementor-tab-title{height:100%}.elementor-tabs .elementor-tab-mobile-title{display:none}}<\/style>\t\t<div class=\"elementor-tabs\">\n\t\t\t<div class=\"elementor-tabs-wrapper\" role=\"tablist\" >\n\t\t\t\t\t\t\t\t\t<div id=\"elementor-tab-title-6001\" class=\"elementor-tab-title elementor-tab-desktop-title\" aria-selected=\"true\" data-tab=\"1\" role=\"tab\" tabindex=\"0\" aria-controls=\"elementor-tab-content-6001\" aria-expanded=\"false\">Biograf\u00eda<\/div>\n\t\t\t\t\t\t\t\t\t<div id=\"elementor-tab-title-6002\" class=\"elementor-tab-title elementor-tab-desktop-title\" aria-selected=\"false\" data-tab=\"2\" role=\"tab\" tabindex=\"-1\" aria-controls=\"elementor-tab-content-6002\" aria-expanded=\"false\">Investigaci\u00f3n<\/div>\n\t\t\t\t\t\t\t\t\t<div id=\"elementor-tab-title-6003\" class=\"elementor-tab-title elementor-tab-desktop-title\" aria-selected=\"false\" data-tab=\"3\" role=\"tab\" tabindex=\"-1\" aria-controls=\"elementor-tab-content-6003\" aria-expanded=\"false\">Publicaciones<\/div>\n\t\t\t\t\t\t\t\t\t<div id=\"elementor-tab-title-6004\" class=\"elementor-tab-title elementor-tab-desktop-title\" aria-selected=\"false\" data-tab=\"4\" role=\"tab\" tabindex=\"-1\" aria-controls=\"elementor-tab-content-6004\" aria-expanded=\"false\">Docencia<\/div>\n\t\t\t\t\t\t\t<\/div>\n\t\t\t<div class=\"elementor-tabs-content-wrapper\" role=\"tablist\" aria-orientation=\"vertical\">\n\t\t\t\t\t\t\t\t\t<div class=\"elementor-tab-title elementor-tab-mobile-title\" aria-selected=\"true\" data-tab=\"1\" role=\"tab\" tabindex=\"0\" aria-controls=\"elementor-tab-content-6001\" aria-expanded=\"false\">Biograf\u00eda<\/div>\n\t\t\t\t\t<div id=\"elementor-tab-content-6001\" class=\"elementor-tab-content elementor-clearfix\" data-tab=\"1\" role=\"tabpanel\" aria-labelledby=\"elementor-tab-title-6001\" tabindex=\"0\" hidden=\"false\"><p style=\"text-align: justify;\"><span style=\"font-family: helvetica; font-size: 17px;\">El Dr. Pedro Iv\u00e1n Palominos Belmar es Profesor Titular del Departamento de <\/span><span style=\"font-family: helvetica; font-size: 17px;\">Ingenier\u00eda Industrial de la Universidad de Santiago de Chile (USACH), Subdirector <\/span><span style=\"font-family: helvetica; font-size: 17px;\">de Gesti\u00f3n del mismo departamento y Director del Centro Smartcity-Lab de la <\/span><span style=\"font-family: helvetica; font-size: 17px;\">Facultad de Ingenier\u00eda. Es Ingeniero Civil Industrial e Ingeniero de Ejecuci\u00f3n Textil <\/span><span style=\"font-family: helvetica; font-size: 17px;\">por la USACH, Doctor Ingeniero Industrial por la Universidad Polit\u00e9cnica de <\/span><span style=\"font-family: helvetica; font-size: 17px;\">Catalu\u00f1a y Mag\u00edster en Ciencias de la Ingenier\u00eda de la Producci\u00f3n por la <\/span><span style=\"font-family: helvetica; font-size: 17px;\">Universidad Federal de R\u00edo de Janeiro.<\/span><\/p><p style=\"text-align: justify;\"><span style=\"font-family: helvetica; font-size: 17px;\">Su investigaci\u00f3n se centra en la gesti\u00f3n de operaciones, innovaci\u00f3n tecnol\u00f3gica, <\/span><span style=\"font-family: helvetica; font-size: 17px;\">toma de decisiones, gesti\u00f3n de la calidad, log\u00edstica e inteligencia artificial, con <\/span><span style=\"font-family: helvetica; font-size: 17px;\">\u00e9nfasis en Smart Cities. Ha dirigido m\u00faltiples proyectos de investigaci\u00f3n <\/span><span style=\"font-family: helvetica; font-size: 17px;\">financiados por organismos nacionales e internacionales y ha publicado en <\/span><span style=\"font-family: helvetica; font-size: 17px;\">revistas cient\u00edficas indexadas como Mathematics, International Journal of <\/span><span style=\"font-family: helvetica; font-size: 17px;\">Production Economics y International Journal of Information Technology and <\/span><span style=\"font-family: helvetica; font-size: 17px;\">Decision Making.<\/span><\/p><p style=\"text-align: justify;\"><span style=\"font-family: helvetica; font-size: 17px;\">En el \u00e1mbito acad\u00e9mico, ha desempe\u00f1ado diversos cargos de gesti\u00f3n estrat\u00e9gica, <\/span><span style=\"font-family: helvetica; font-size: 17px;\">incluyendo Prorrector de la USACH en dos per\u00edodos (2010-2016 y 2022-2024).<\/span><\/p><p style=\"text-align: justify;\"><span style=\"font-family: helvetica; font-size: 17px;\">Adem\u00e1s, ha sido profesor visitante en universidades de Espa\u00f1a, Ecuador, M\u00e9xico <\/span><span style=\"font-family: helvetica; font-size: 17px;\">y Argentina, y ha impartido cursos en \u00e1reas relacionadas con la ingenier\u00eda <\/span><span style=\"font-family: helvetica; font-size: 17px;\">industrial y la gesti\u00f3n de operaciones.<\/span><\/p><p style=\"text-align: justify;\"><span style=\"font-family: helvetica; font-size: 17px;\">Su experiencia en consultor\u00eda abarca sistemas de gesti\u00f3n de calidad, evaluaci\u00f3n <\/span><span style=\"font-family: helvetica; font-size: 17px;\">de proyectos y optimizaci\u00f3n de procesos. Es miembro de destacadas <\/span><span style=\"font-family: helvetica; font-size: 17px;\">organizaciones cient\u00edficas internacionales y nacionales, ha sido reconocido por su <\/span><span style=\"font-family: helvetica; font-size: 17px;\">aporte al desarrollo de Smart Cities y la innovaci\u00f3n en la gesti\u00f3n industrial.<\/span><\/p><\/div>\n\t\t\t\t\t\t\t\t\t<div class=\"elementor-tab-title elementor-tab-mobile-title\" aria-selected=\"false\" data-tab=\"2\" role=\"tab\" tabindex=\"-1\" aria-controls=\"elementor-tab-content-6002\" aria-expanded=\"false\">Investigaci\u00f3n<\/div>\n\t\t\t\t\t<div id=\"elementor-tab-content-6002\" class=\"elementor-tab-content elementor-clearfix\" data-tab=\"2\" role=\"tabpanel\" aria-labelledby=\"elementor-tab-title-6002\" tabindex=\"0\" hidden=\"hidden\"><h3 style=\"text-align: justify;\"><span style=\"font-size: 17px; font-family: helvetica; color: #000000;\"><b>Proyectos con Fondos Internos<\/b><\/span><\/h3>\n<ul style=\"text-align: justify;\">\n<li aria-level=\"1\"><span style=\"font-size: 17px; font-family: helvetica; color: rgb(0, 0, 0);\"><span style=\"font-weight: 700;\">Investigador Principal<\/span>&nbsp;\u2013 Proyecto DICYT (2025-2027). Participaci\u00f3n Ciudadana en Proyectos Urbanos de Ciudades Inteligentes: Comprensi\u00f3n Te\u00f3rica y Metodolog\u00edas\u201d c\u00f3digo 062516PM_REG.<\/span><\/li><li style=\"font-weight: 400;\" aria-level=\"1\"><span style=\"font-size: 17px; font-family: helvetica; color: #000000;\"><b>Investigador Principal<\/b><span style=\"font-weight: 400;\"> &#8211; Proyecto DICYT (2018-2021). Estudio sobre la toma de decisiones en proyectos de ciudad bajo el paradigma de Ciudades Inteligentes.<\/span><\/span><\/li>\n<li style=\"font-weight: 400;\" aria-level=\"1\"><span style=\"font-size: 17px; font-family: helvetica; color: #000000;\"><b>Investigador Alterno<\/b><span style=\"font-weight: 400;\"> &#8211; Proyecto DICYT Asociativo (2015-2017). Implementaci\u00f3n de un sistema de gesti\u00f3n de calidad: promoviendo valor agregado a la gesti\u00f3n del aprendizaje en la educaci\u00f3n media t\u00e9cnico profesional.<\/span><\/span><\/li>\n<li style=\"font-weight: 400;\" aria-level=\"1\"><span style=\"font-size: 17px; font-family: helvetica; color: #000000;\"><b>Investigador Principal<\/b><span style=\"font-weight: 400;\"> &#8211; Proyecto DICYT (2010-2012). Creaci\u00f3n y aplicaci\u00f3n de metaheur\u00edsticas para el apoyo del dise\u00f1o y programaci\u00f3n de sistemas de fabricaci\u00f3n.<\/span><\/span><\/li>\n<li style=\"font-weight: 400;\" aria-level=\"1\"><span style=\"font-size: 17px; font-family: helvetica; color: #000000;\"><b>Investigador Principal<\/b><span style=\"font-weight: 400;\"> &#8211; Proyecto DICYT (2005-2008). Mass Customization: Heur\u00edsticas para el dise\u00f1o de productos y de sistemas de fabricaci\u00f3n.<\/span><\/span><\/li>\n<li style=\"font-weight: 400;\" aria-level=\"1\"><span style=\"font-size: 17px; font-family: helvetica; color: #000000;\"><b>Investigador Principal<\/b><span style=\"font-weight: 400;\"> &#8211; Proyecto DICYT (2000-2003). Implicaciones de la Flexibilidad de Manufactura en el Dise\u00f1o de Productos Personalizados y C\u00e9lulas de fabricaci\u00f3n en la Industria de la Confecci\u00f3n<\/span><\/span><\/li>\n<li style=\"font-weight: 400;\" aria-level=\"1\"><span style=\"font-size: 17px; font-family: helvetica; color: #000000;\"><b>Investigador Principal<\/b><span style=\"font-weight: 400;\"> &#8211; El proyecto \u201cConcurso Fondo de Desarrollo de la Docencia 1999 \u2013 USACH\u201d (1999- 2000). Distribuci\u00f3n de Instalaciones<\/span><\/span><\/li>\n<li style=\"font-weight: 400;\" aria-level=\"1\"><span style=\"font-size: 17px; font-family: helvetica; color: #000000;\"><b>Investigador Principal<\/b><span style=\"font-weight: 400;\"> &#8211; Proyecto DICYT (1999-2000). Hacia una Relaci\u00f3n entre la Flexibilidad y Complejidad entre los Sistemas Flexibles de Manufactura<\/span><\/span><\/li>\n<li style=\"font-weight: 400;\" aria-level=\"1\"><span style=\"font-size: 17px; font-family: helvetica; color: #000000;\"><b>Investigador Principal<\/b><span style=\"font-weight: 400;\"> &#8211; Proyecto DICYT (1999-2000). Ciencia, Tecnolog\u00eda y Educaci\u00f3n: La B\u00fasqueda de una nueva relaci\u00f3n entre la Tecnolog\u00eda y la Sociedad en su Vinculaci\u00f3n con la Educaci\u00f3n<\/span><\/span><\/li>\n<li style=\"font-weight: 400;\" aria-level=\"1\"><span style=\"font-size: 17px; font-family: helvetica; color: #000000;\"><b>Investigador Principal<\/b><span style=\"font-weight: 400;\"> &#8211; Proyecto DICYT (1997-1999). Modelizaci\u00f3n de la Flexibilidad de Fabricaci\u00f3n en la Industria de la Confecci\u00f3n<\/span><\/span><\/li>\n<li style=\"font-weight: 400;\" aria-level=\"1\"><span style=\"font-size: 17px; font-family: helvetica; color: #000000;\"><b>Investigador Principal<\/b><span style=\"font-weight: 400;\"> &#8211; Proyecto DICYT (1993). Las tecnolog\u00edas avanzadas de manufactura en la industria textil: un modelo de evaluaci\u00f3n econ\u00f3mica para la inserci\u00f3n de los sistemas CAD\/CAM<\/span><\/span><\/li>\n<li style=\"font-weight: 400;\" aria-level=\"1\"><span style=\"font-size: 17px; font-family: helvetica; color: #000000;\"><b>Colaborador <\/b><span style=\"font-weight: 400;\">&#8211; Proyecto DICYT (1993). Aplicaci\u00f3n de confiabilidad en ingenier\u00eda de dise\u00f1o, mantenci\u00f3n y control de calidad.<\/span><\/span><\/li>\n<\/ul>\n<h3 style=\"text-align: justify;\"><span style=\"font-size: 17px; font-family: helvetica; color: #000000;\"><b>Proyectos con Fondos Externos<\/b><\/span><\/h3>\n<ul>\n<li style=\"font-weight: 400; text-align: justify;\" aria-level=\"1\"><span style=\"font-size: 17px; font-family: helvetica; color: #000000;\"><b>Investigador Principal<\/b><span style=\"font-weight: 400;\"> &#8211; SENCE (2017-2018) T\u00edtulo: Hacia un Observatorio de los Oficios en Telecomunicaciones en la Sociedad Digital.<\/span><\/span><\/li>\n<\/ul><\/div>\n\t\t\t\t\t\t\t\t\t<div class=\"elementor-tab-title elementor-tab-mobile-title\" aria-selected=\"false\" data-tab=\"3\" role=\"tab\" tabindex=\"-1\" aria-controls=\"elementor-tab-content-6003\" aria-expanded=\"false\">Publicaciones<\/div>\n\t\t\t\t\t<div id=\"elementor-tab-content-6003\" class=\"elementor-tab-content elementor-clearfix\" data-tab=\"3\" role=\"tabpanel\" aria-labelledby=\"elementor-tab-title-6003\" tabindex=\"0\" hidden=\"hidden\"><h3 style=\"text-align: justify;\"><span style=\"font-family: helvetica; color: #000000; font-size: 17px;\"><b>Publicaciones y Congresos:<\/b><\/span><\/h3><p style=\"text-align: justify;\"><span style=\"font-family: helvetica; color: #000000; font-size: 17px;\"><b>Art\u00edculos en Revistas Indexadas (WoS y Scopus)<\/b><\/span><\/p><ul style=\"text-align: justify;\"><li style=\"font-weight: 400;\" aria-level=\"1\"><span style=\"font-family: helvetica; color: #000000;\"><span style=\"font-weight: 400;\">Palominos, P., Mazo, M., Fuertes, G., &amp; Alfaro, M. (2025). An Improved Marriage in Honey-Bee Optimization Algorithm for Minimizing Earliness\/Tardiness Penalties in Single-Machine Scheduling with a Restrictive Common Due Date. <\/span><span style=\"font-weight: 400;\">Mathematics, 13(3)<\/span><span style=\"font-weight: 400;\">, 418. <\/span><strong><span style=\"color: #1ea8a8;\"><a style=\"color: #1ea8a8;\" href=\"http:\/\/dx.doi.org\/10.3390\/math13030418.\">DOI<\/a><\/span><\/strong><\/span><\/li><li style=\"font-weight: 400;\" aria-level=\"1\"><span style=\"font-family: helvetica; color: #000000;\"><span style=\"font-weight: 400;\">Oddershede, A., Quezada, L., Palominos, P., &amp; Olivares, V. (2024). Assessing the Significance of Human Values in Higher Education: A Multi-Criteria Approach Using the Analytic Hierarchy Process (AHP). In <\/span><span style=\"font-weight: 400;\">Analytic Hierarchy Process<\/span><span style=\"font-weight: 400;\"><span style=\"color: #000000;\">.<\/span> <\/span><span style=\"color: #1ea8a8;\"><strong><a style=\"color: #1ea8a8;\" href=\"http:\/\/doi.org\/10.5772\/intechopen.1006377\">DOI<\/a><\/strong><\/span><\/span><\/li><li style=\"font-weight: 400;\" aria-level=\"1\"><span style=\"font-family: helvetica; color: #000000;\"><span style=\"font-weight: 400;\">Quezada, L., L\u00f3pez-Ospina, H., Gonzalez, M., Oddershede, A., &amp; Palominos, P. (2024). Identifying Causal Relationships in a Strategy Map Using ANP and Multi-objective Integer Optimization Model. <\/span><span style=\"font-weight: 400;\">International Journal of Information Technology and Decision Making, 23(3)<\/span><span style=\"font-weight: 400;\">, 1261-1299. <\/span><span style=\"color: #1ea8a8;\"><strong><a style=\"color: #1ea8a8;\" href=\"http:\/\/doi.org\/10.1142\/S0219622023500396\">DOI<\/a><\/strong><\/span><\/span><\/li><\/ul><h3 style=\"text-align: justify;\"><span style=\"font-family: helvetica; color: #000000; font-size: 17px;\"><b>Ponencias en Congresos Internacionales<\/b><\/span><\/h3><ul style=\"text-align: justify;\"><li style=\"font-weight: 400;\" aria-level=\"1\"><span style=\"font-weight: 400; font-family: helvetica; color: #000000;\">Palominos, P., Cabrera, C., Quezada, L., Oddershede, A., and Salomon V. (2024) Enhancing Infrastructure Decision-Making in Smart Cities: A Support Methodology, 33rd European conference on Operational Research, EURO-2024, Copenhagen, Denmark, 30th June \u2013 3rd July 2024.<\/span><\/li><li style=\"font-weight: 400;\" aria-level=\"1\"><span style=\"font-family: helvetica; color: #000000;\"><span style=\"font-weight: 400;\">Oddershede, A., Quezada, L., Mej\u00edas, A. &amp; Palominos, P. (2023), A Framework for Supporting the Selection of a Food Packing System, In: Deschamps, F., Pinheiro de Lima, E., Gouv\u00eaa da Costa, S.E., G. Trentin, M. (eds) Proceedings of the 11th International Conference on Production Research \u2013 Americas. ICPR 2022. Springer, Cham.<\/span> <span style=\"color: #1ea8a8;\"><a style=\"color: #1ea8a8;\" href=\"https:\/\/doi.org\/10.1007\/978-3-031-36121-0_33.\"><b>DOI<\/b><\/a><\/span><\/span><\/li><li style=\"font-weight: 400;\" aria-level=\"1\"><span style=\"font-weight: 400; font-family: helvetica; color: #000000;\">Quezada, L., Ortiz, C., Oddershede, A., Palominos, P. &amp; Jofre, P. (2019). A methodology for ranking strategic projects using the Balanced Scorecard and DEMATEL. 10th Annual European Decision Sciences Conference, Nottingham, UK.<\/span><\/li><\/ul><h3 style=\"text-align: justify;\"><span style=\"font-size: 17px;\"><strong><span style=\"font-family: helvetica; color: #000000;\">Puede encontrar todas sus publicaciones <span style=\"color: #1ea8a8;\"><a style=\"color: #1ea8a8;\" href=\"https:\/\/www.researchgate.net\/profile\/Pedro-Palominos\/research\" target=\"_blank\" rel=\"noopener\">aqu\u00ed<\/a><\/span><\/span><\/strong><\/span><\/h3><\/div>\n\t\t\t\t\t\t\t\t\t<div class=\"elementor-tab-title elementor-tab-mobile-title\" aria-selected=\"false\" data-tab=\"4\" role=\"tab\" tabindex=\"-1\" aria-controls=\"elementor-tab-content-6004\" aria-expanded=\"false\">Docencia<\/div>\n\t\t\t\t\t<div id=\"elementor-tab-content-6004\" class=\"elementor-tab-content elementor-clearfix\" data-tab=\"4\" role=\"tabpanel\" aria-labelledby=\"elementor-tab-title-6004\" tabindex=\"0\" hidden=\"hidden\"><p style=\"text-align: justify;\"><span style=\"font-size: 17px; font-family: helvetica; color: #000000;\"><b>Pregrado y Postgrado<\/b><span style=\"font-weight: 400;\">\u00a0<\/span><\/span><\/p><ul style=\"text-align: justify;\"><li aria-level=\"1\"><span style=\"font-family: helvetica; font-size: 17px; color: #000000;\">Evaluaci\u00f3n de Proyectos<\/span><\/li><li aria-level=\"1\"><span style=\"font-family: helvetica; font-size: 17px; color: #000000;\">Ingenier\u00eda Econ\u00f3mica<\/span><\/li><li aria-level=\"1\"><span style=\"font-family: helvetica; font-size: 17px; color: #000000;\">Teor\u00eda de Sistemas<\/span><\/li><li aria-level=\"1\"><span style=\"font-family: helvetica; font-size: 17px; color: #000000;\">Investigaci\u00f3n Operativa<\/span><\/li><li aria-level=\"1\"><span style=\"font-family: helvetica; font-size: 17px; color: #000000;\">Gesti\u00f3n de Operaciones<\/span><\/li><li aria-level=\"1\"><span style=\"font-family: helvetica; font-size: 17px; color: #000000;\">Sistemas de Manufactura<\/span><\/li><li aria-level=\"1\"><span style=\"font-family: helvetica; font-size: 17px; color: #000000;\">Ciudades Inteligentes<\/span><\/li><\/ul><h3 style=\"text-align: justify;\"><span style=\"font-size: 17px; font-family: helvetica; color: #000000;\"><b>Gesti\u00f3n Acad\u00e9mica y profesional<\/b><\/span><\/h3><ul><li><span style=\"font-family: helvetica; font-size: 17px; color: #000000;\">Subdirector de Gesti\u00f3n del Departamento de Ingenier\u00eda Industrial (actualmente)<\/span><\/li><li aria-level=\"1\"><span style=\"font-family: helvetica; font-size: 17px; color: #000000;\">Consejero CPI (Consejo de Pol\u00edticas en Infraestructura) (actualmente).<\/span><\/li><li aria-level=\"1\"><span style=\"font-family: helvetica; font-size: 17px; color: #000000;\">Consejero Nacional, Fundaci\u00f3n INTEGRA (actualmente)<\/span><\/li><li aria-level=\"1\"><span style=\"font-family: helvetica; font-size: 17px; color: #000000;\">Prorrector Universidad de Santiago\u00a0<\/span><\/li><li aria-level=\"1\"><span style=\"font-family: helvetica; font-size: 17px; color: #000000;\">Director de la Fundaci\u00f3n de egresados de la Universidad de Santiago (FUDEA)<\/span><\/li><li aria-level=\"1\"><span style=\"font-family: helvetica; font-size: 17px; color: #000000;\">Director de la FUDE (Fundaci\u00f3n Universidad Empresa Usach)<\/span><\/li><li aria-level=\"1\"><span style=\"font-family: helvetica; font-size: 17px; color: #000000;\">Director de la Red Universitaria Nacional (REUNA)<\/span><\/li><li aria-level=\"1\"><span style=\"font-family: helvetica; font-size: 17px; color: #000000;\">Director de la Sociedad de Desarrollo Tecnol\u00f3gico (SDT)<\/span><\/li><li aria-level=\"1\"><span style=\"font-family: helvetica; font-size: 17px; color: #000000;\">Presidente del directorio SEGIC USACH<\/span><\/li><li aria-level=\"1\"><span style=\"font-family: helvetica; font-size: 17px; color: #000000;\">Director del Directorio del CFT de O\u2019Higgins\u00a0<\/span><\/li><li aria-level=\"1\"><span style=\"font-family: helvetica; font-size: 17px; color: #000000;\">Administrador por delegaci\u00f3n a la USACH de 5 Liceos Industriales\u00a0<\/span><\/li><li aria-level=\"1\"><span style=\"font-family: helvetica; font-size: 17px; color: #000000;\">Director de CAPACITACI\u00d3N USACH COMPA\u00d1\u00cdA LIMITADA<\/span><\/li><li aria-level=\"1\"><span style=\"font-family: helvetica; font-size: 17px; color: #000000;\">Director de INNOVO \u2013 Incubadora de empresa<\/span><\/li><li aria-level=\"1\"><span style=\"font-family: helvetica; font-size: 17px; color: #000000;\">Director de Departamento de Gesti\u00f3n Estrat\u00e9gica \u2013 Usach<\/span><\/li><li aria-level=\"1\"><span style=\"font-family: helvetica; font-size: 17px; color: #000000;\">Director del Departamento de Calidad y Sistemas<\/span><\/li><li aria-level=\"1\"><span style=\"font-size: 17px; font-family: helvetica; color: #000000;\">Gesti\u00f3n Acad\u00e9mica y Profesiona<\/span><\/li><li aria-level=\"1\"><span style=\"font-size: 17px; font-family: helvetica; color: #000000;\">Subdirector de Investigaci\u00f3n del Departamento de Ingenier\u00eda Industrial<\/span><\/li><li aria-level=\"1\"><span style=\"font-size: 17px; font-family: helvetica; color: #000000;\">Director Programa Mag\u00edster en Ciencias de la Ingenier\u00eda, Menci\u00f3n Ingenier\u00eda <\/span><span style=\"font-size: 17px; font-family: helvetica; color: #000000;\">Industrial.<\/span><\/li><li aria-level=\"1\"><span style=\"font-size: 17px; font-family: helvetica; color: #000000;\">Director del Magister en Ingenier\u00eda Industrial.<\/span><\/li><li aria-level=\"1\"><span style=\"font-size: 17px; font-family: helvetica; color: #000000;\">Director del Magister en Sistemas de Gesti\u00f3n Integrada.<\/span><\/li><li aria-level=\"1\"><span style=\"font-size: 17px; font-family: helvetica; color: #000000;\">Jefe de Carrera \u2013 Ingenier\u00eda Civil Industrial<\/span><\/li><\/ul><\/div>\n\t\t\t\t\t\t\t<\/div>\n\t\t<\/div>\n\t\t\t\t<\/div>\n\t\t\t\t<\/div>\n\t\t\t\t\t<\/div>\n\t\t<\/div>\n\t\t\t\t\t<\/div>\n\t\t<\/section>\n\t\t\t\t<section class=\"elementor-section elementor-top-section elementor-element elementor-element-eeb6824 elementor-section-boxed elementor-section-height-default elementor-section-height-default\" data-id=\"eeb6824\" data-element_type=\"section\" data-settings=\"{&quot;jet_parallax_layout_list&quot;:[],&quot;background_background&quot;:&quot;classic&quot;,&quot;background_motion_fx_motion_fx_scrolling&quot;:&quot;yes&quot;,&quot;background_motion_fx_translateX_effect&quot;:&quot;yes&quot;,&quot;background_motion_fx_translateX_direction&quot;:&quot;negative&quot;,&quot;background_motion_fx_translateX_speed&quot;:{&quot;unit&quot;:&quot;px&quot;,&quot;size&quot;:0,&quot;sizes&quot;:[]},&quot;background_motion_fx_translateX_affectedRange&quot;:{&quot;unit&quot;:&quot;%&quot;,&quot;size&quot;:&quot;&quot;,&quot;sizes&quot;:{&quot;start&quot;:0,&quot;end&quot;:100}},&quot;background_motion_fx_devices&quot;:[&quot;desktop&quot;,&quot;tablet&quot;,&quot;mobile&quot;]}\">\n\t\t\t\t\t\t\t<div class=\"elementor-background-overlay\"><\/div>\n\t\t\t\t\t\t\t<div class=\"elementor-container elementor-column-gap-default\">\n\t\t\t\t\t<div class=\"elementor-column elementor-col-100 elementor-top-column elementor-element elementor-element-fac20bc\" data-id=\"fac20bc\" data-element_type=\"column\">\n\t\t\t<div class=\"elementor-widget-wrap elementor-element-populated\">\n\t\t\t\t\t\t<div class=\"elementor-element elementor-element-db142b9 elementor-widget__width-initial elementor-widget elementor-widget-heading\" data-id=\"db142b9\" data-element_type=\"widget\" data-widget_type=\"heading.default\">\n\t\t\t\t<div class=\"elementor-widget-container\">\n\t\t\t<style>\/*! elementor - v3.22.0 - 26-06-2024 *\/\n.elementor-heading-title{padding:0;margin:0;line-height:1}.elementor-widget-heading .elementor-heading-title[class*=elementor-size-]>a{color:inherit;font-size:inherit;line-height:inherit}.elementor-widget-heading .elementor-heading-title.elementor-size-small{font-size:15px}.elementor-widget-heading .elementor-heading-title.elementor-size-medium{font-size:19px}.elementor-widget-heading .elementor-heading-title.elementor-size-large{font-size:29px}.elementor-widget-heading .elementor-heading-title.elementor-size-xl{font-size:39px}.elementor-widget-heading .elementor-heading-title.elementor-size-xxl{font-size:59px}<\/style><h2 class=\"elementor-heading-title elementor-size-default\">El cuerpo acad\u00e9mico del Departamento de Ingenier\u00eda Industrial de la USACH destaca por su excelencia en docencia e investigaci\u00f3n, con experiencia en optimizaci\u00f3n, gesti\u00f3n y an\u00e1lisis de datos, vincul\u00e1ndose activamente con la industria.<\/h2>\t\t<\/div>\n\t\t\t\t<\/div>\n\t\t\t\t\t<\/div>\n\t\t<\/div>\n\t\t\t\t\t<\/div>\n\t\t<\/section>\n\t\t\t\t<section class=\"elementor-section elementor-top-section elementor-element elementor-element-f046c5e elementor-section-boxed elementor-section-height-default elementor-section-height-default\" data-id=\"f046c5e\" data-element_type=\"section\" data-settings=\"{&quot;jet_parallax_layout_list&quot;:[]}\">\n\t\t\t\t\t\t<div class=\"elementor-container elementor-column-gap-default\">\n\t\t\t\t\t<div class=\"elementor-column elementor-col-100 elementor-top-column elementor-element elementor-element-1368ff9\" data-id=\"1368ff9\" data-element_type=\"column\">\n\t\t\t<div class=\"elementor-widget-wrap elementor-element-populated\">\n\t\t\t\t\t\t\t<\/div>\n\t\t<\/div>\n\t\t\t\t\t<\/div>\n\t\t<\/section>\n\t\t\t\t<\/div>\n\t\t","protected":false},"excerpt":{"rendered":"<p>Dr. Pedro Palominos Belmar Profesor Titular Grados Acad\u00e9micos: Doctor Ingeniero Industrial. Universidad Polit\u00e9cnica de Catalu\u00f1a, Espa\u00f1a.\u00a0 Mag\u00edster en Ciencias de la Ingenier\u00eda de la Producci\u00f3n. Universidad Federal de R\u00edo de Janeiro (COPPE\/UFRJ), Brasil.\u00a0 \u00c1reas de Especializaci\u00f3n: Sistemas de Operaciones (Gesti\u00f3n y Dise\u00f1o)\u00a0 Innovaci\u00f3n Tecnol\u00f3gica\u00a0 Toma de Decisiones\u00a0 Gesti\u00f3n de la &hellip; <a class=\"readmore\" href=\"https:\/\/www.ingenieriaindustrial-usach.cl\/en\/pedro-palominos\/\">Seguir Leyendo <span class=\"meta-nav\">&rarr;<\/span><\/a><\/p>\n","protected":false},"author":3,"featured_media":0,"parent":0,"menu_order":0,"comment_status":"closed","ping_status":"closed","template":"template\/template-landing-page-vc.php","meta":{"footnotes":"","_links_to":"","_links_to_target":""},"yoast_head":"<!-- This site is optimized with the Yoast SEO plugin v23.0 - https:\/\/yoast.com\/wordpress\/plugins\/seo\/ -->\n<title>Cuerpo Acad\u00e9mico del Departamento de Ingenier\u00eda Industrial<\/title>\n<meta name=\"description\" content=\"Cuerpo Acad\u00e9mico del Departamento de Ingenier\u00eda Industrial\" \/>\n<meta name=\"robots\" content=\"index, follow, max-snippet:-1, max-image-preview:large, max-video-preview:-1\" \/>\n<link rel=\"canonical\" href=\"https:\/\/www.ingenieriaindustrial-usach.cl\/pedro-palominos\/\" \/>\n<meta property=\"og:locale\" content=\"en_US\" \/>\n<meta property=\"og:type\" content=\"article\" \/>\n<meta property=\"og:title\" content=\"Cuerpo Acad\u00e9mico del Departamento de Ingenier\u00eda Industrial\" \/>\n<meta property=\"og:description\" content=\"Cuerpo Acad\u00e9mico del Departamento de Ingenier\u00eda Industrial\" \/>\n<meta property=\"og:url\" content=\"https:\/\/www.ingenieriaindustrial-usach.cl\/pedro-palominos\/\" \/>\n<meta property=\"og:site_name\" content=\"Departamento de Ingenier\u00eda Industrial Universidad de Santiago\" \/>\n<meta property=\"article:publisher\" content=\"https:\/\/web.facebook.com\/Depto.Ingenieria.industrial.UdeSantiagodeChile?_rdc=1&amp;_rdr\" \/>\n<meta property=\"article:modified_time\" content=\"2025-11-19T20:01:55+00:00\" \/>\n<meta property=\"og:image\" content=\"https:\/\/www.ingenieriaindustrial-usach.cl\/wp-content\/uploads\/2025\/04\/pedro-palominos2.jpg\" \/>\n<meta name=\"twitter:card\" content=\"summary_large_image\" \/>\n<meta name=\"twitter:label1\" content=\"Est. reading time\" \/>\n\t<meta name=\"twitter:data1\" content=\"6 minutes\" \/>\n<script type=\"application\/ld+json\" class=\"yoast-schema-graph\">{\"@context\":\"https:\/\/schema.org\",\"@graph\":[{\"@type\":\"WebPage\",\"@id\":\"https:\/\/www.ingenieriaindustrial-usach.cl\/pedro-palominos\/\",\"url\":\"https:\/\/www.ingenieriaindustrial-usach.cl\/pedro-palominos\/\",\"name\":\"Cuerpo Acad\u00e9mico del Departamento de Ingenier\u00eda Industrial\",\"isPartOf\":{\"@id\":\"https:\/\/www.ingenieriaindustrial-usach.cl\/#website\"},\"primaryImageOfPage\":{\"@id\":\"https:\/\/www.ingenieriaindustrial-usach.cl\/pedro-palominos\/#primaryimage\"},\"image\":{\"@id\":\"https:\/\/www.ingenieriaindustrial-usach.cl\/pedro-palominos\/#primaryimage\"},\"thumbnailUrl\":\"https:\/\/www.ingenieriaindustrial-usach.cl\/wp-content\/uploads\/2025\/04\/pedro-palominos2.jpg\",\"datePublished\":\"2025-03-26T19:07:36+00:00\",\"dateModified\":\"2025-11-19T20:01:55+00:00\",\"description\":\"Cuerpo Acad\u00e9mico del Departamento de Ingenier\u00eda Industrial\",\"breadcrumb\":{\"@id\":\"https:\/\/www.ingenieriaindustrial-usach.cl\/pedro-palominos\/#breadcrumb\"},\"inLanguage\":\"en-US\",\"potentialAction\":[{\"@type\":\"ReadAction\",\"target\":[\"https:\/\/www.ingenieriaindustrial-usach.cl\/pedro-palominos\/\"]}]},{\"@type\":\"ImageObject\",\"inLanguage\":\"en-US\",\"@id\":\"https:\/\/www.ingenieriaindustrial-usach.cl\/pedro-palominos\/#primaryimage\",\"url\":\"https:\/\/www.ingenieriaindustrial-usach.cl\/wp-content\/uploads\/2025\/04\/pedro-palominos2.jpg\",\"contentUrl\":\"https:\/\/www.ingenieriaindustrial-usach.cl\/wp-content\/uploads\/2025\/04\/pedro-palominos2.jpg\"},{\"@type\":\"BreadcrumbList\",\"@id\":\"https:\/\/www.ingenieriaindustrial-usach.cl\/pedro-palominos\/#breadcrumb\",\"itemListElement\":[{\"@type\":\"ListItem\",\"position\":1,\"name\":\"Portada\",\"item\":\"https:\/\/www.ingenieriaindustrial-usach.cl\/\"},{\"@type\":\"ListItem\",\"position\":2,\"name\":\"[:es]Acad\u00e9micos[:]\"}]},{\"@type\":\"WebSite\",\"@id\":\"https:\/\/www.ingenieriaindustrial-usach.cl\/#website\",\"url\":\"https:\/\/www.ingenieriaindustrial-usach.cl\/\",\"name\":\"Departamento de Ingenier\u00eda Industrial Universidad de Santiago\",\"description\":\"Otro sitio realizado con WordPress\",\"publisher\":{\"@id\":\"https:\/\/www.ingenieriaindustrial-usach.cl\/#organization\"},\"potentialAction\":[{\"@type\":\"SearchAction\",\"target\":{\"@type\":\"EntryPoint\",\"urlTemplate\":\"https:\/\/www.ingenieriaindustrial-usach.cl\/?s={search_term_string}\"},\"query-input\":\"required name=search_term_string\"}],\"inLanguage\":\"en-US\"},{\"@type\":\"Organization\",\"@id\":\"https:\/\/www.ingenieriaindustrial-usach.cl\/#organization\",\"name\":\"Departamento de Ingenier\u00eda Industrial Universidad de Santiago\",\"url\":\"https:\/\/www.ingenieriaindustrial-usach.cl\/\",\"logo\":{\"@type\":\"ImageObject\",\"inLanguage\":\"en-US\",\"@id\":\"https:\/\/www.ingenieriaindustrial-usach.cl\/#\/schema\/logo\/image\/\",\"url\":\"https:\/\/www.ingenieriaindustrial-usach.cl\/wp-content\/uploads\/2023\/11\/cropped-favicon_usach-01.png\",\"contentUrl\":\"https:\/\/www.ingenieriaindustrial-usach.cl\/wp-content\/uploads\/2023\/11\/cropped-favicon_usach-01.png\",\"width\":512,\"height\":512,\"caption\":\"Departamento de Ingenier\u00eda Industrial Universidad de Santiago\"},\"image\":{\"@id\":\"https:\/\/www.ingenieriaindustrial-usach.cl\/#\/schema\/logo\/image\/\"},\"sameAs\":[\"https:\/\/web.facebook.com\/Depto.Ingenieria.industrial.UdeSantiagodeChile?_rdc=1&_rdr\",\"https:\/\/www.linkedin.com\/in\/departamento-ingeniera-industrial-usach-94780711b\/\",\"https:\/\/www.instagram.com\/ingenieria_industrial_usach\/\"]}]}<\/script>\n<!-- \/ Yoast SEO plugin. -->","yoast_head_json":{"title":"Cuerpo Acad\u00e9mico del Departamento de Ingenier\u00eda Industrial","description":"Cuerpo Acad\u00e9mico del Departamento de Ingenier\u00eda Industrial","robots":{"index":"index","follow":"follow","max-snippet":"max-snippet:-1","max-image-preview":"max-image-preview:large","max-video-preview":"max-video-preview:-1"},"canonical":"https:\/\/www.ingenieriaindustrial-usach.cl\/pedro-palominos\/","og_locale":"en_US","og_type":"article","og_title":"Cuerpo Acad\u00e9mico del Departamento de Ingenier\u00eda Industrial","og_description":"Cuerpo Acad\u00e9mico del Departamento de Ingenier\u00eda Industrial","og_url":"https:\/\/www.ingenieriaindustrial-usach.cl\/pedro-palominos\/","og_site_name":"Departamento de Ingenier\u00eda Industrial Universidad de Santiago","article_publisher":"https:\/\/web.facebook.com\/Depto.Ingenieria.industrial.UdeSantiagodeChile?_rdc=1&_rdr","article_modified_time":"2025-11-19T20:01:55+00:00","og_image":[{"url":"https:\/\/www.ingenieriaindustrial-usach.cl\/wp-content\/uploads\/2025\/04\/pedro-palominos2.jpg"}],"twitter_card":"summary_large_image","twitter_misc":{"Est. reading time":"6 minutes"},"schema":{"@context":"https:\/\/schema.org","@graph":[{"@type":"WebPage","@id":"https:\/\/www.ingenieriaindustrial-usach.cl\/pedro-palominos\/","url":"https:\/\/www.ingenieriaindustrial-usach.cl\/pedro-palominos\/","name":"Cuerpo Acad\u00e9mico del Departamento de Ingenier\u00eda Industrial","isPartOf":{"@id":"https:\/\/www.ingenieriaindustrial-usach.cl\/#website"},"primaryImageOfPage":{"@id":"https:\/\/www.ingenieriaindustrial-usach.cl\/pedro-palominos\/#primaryimage"},"image":{"@id":"https:\/\/www.ingenieriaindustrial-usach.cl\/pedro-palominos\/#primaryimage"},"thumbnailUrl":"https:\/\/www.ingenieriaindustrial-usach.cl\/wp-content\/uploads\/2025\/04\/pedro-palominos2.jpg","datePublished":"2025-03-26T19:07:36+00:00","dateModified":"2025-11-19T20:01:55+00:00","description":"Cuerpo Acad\u00e9mico del Departamento de Ingenier\u00eda Industrial","breadcrumb":{"@id":"https:\/\/www.ingenieriaindustrial-usach.cl\/pedro-palominos\/#breadcrumb"},"inLanguage":"en-US","potentialAction":[{"@type":"ReadAction","target":["https:\/\/www.ingenieriaindustrial-usach.cl\/pedro-palominos\/"]}]},{"@type":"ImageObject","inLanguage":"en-US","@id":"https:\/\/www.ingenieriaindustrial-usach.cl\/pedro-palominos\/#primaryimage","url":"https:\/\/www.ingenieriaindustrial-usach.cl\/wp-content\/uploads\/2025\/04\/pedro-palominos2.jpg","contentUrl":"https:\/\/www.ingenieriaindustrial-usach.cl\/wp-content\/uploads\/2025\/04\/pedro-palominos2.jpg"},{"@type":"BreadcrumbList","@id":"https:\/\/www.ingenieriaindustrial-usach.cl\/pedro-palominos\/#breadcrumb","itemListElement":[{"@type":"ListItem","position":1,"name":"Portada","item":"https:\/\/www.ingenieriaindustrial-usach.cl\/"},{"@type":"ListItem","position":2,"name":"[:es]Acad\u00e9micos[:]"}]},{"@type":"WebSite","@id":"https:\/\/www.ingenieriaindustrial-usach.cl\/#website","url":"https:\/\/www.ingenieriaindustrial-usach.cl\/","name":"Departamento de Ingenier\u00eda Industrial Universidad de Santiago","description":"Otro sitio realizado con WordPress","publisher":{"@id":"https:\/\/www.ingenieriaindustrial-usach.cl\/#organization"},"potentialAction":[{"@type":"SearchAction","target":{"@type":"EntryPoint","urlTemplate":"https:\/\/www.ingenieriaindustrial-usach.cl\/?s={search_term_string}"},"query-input":"required name=search_term_string"}],"inLanguage":"en-US"},{"@type":"Organization","@id":"https:\/\/www.ingenieriaindustrial-usach.cl\/#organization","name":"Departamento de Ingenier\u00eda Industrial Universidad de Santiago","url":"https:\/\/www.ingenieriaindustrial-usach.cl\/","logo":{"@type":"ImageObject","inLanguage":"en-US","@id":"https:\/\/www.ingenieriaindustrial-usach.cl\/#\/schema\/logo\/image\/","url":"https:\/\/www.ingenieriaindustrial-usach.cl\/wp-content\/uploads\/2023\/11\/cropped-favicon_usach-01.png","contentUrl":"https:\/\/www.ingenieriaindustrial-usach.cl\/wp-content\/uploads\/2023\/11\/cropped-favicon_usach-01.png","width":512,"height":512,"caption":"Departamento de Ingenier\u00eda Industrial Universidad de Santiago"},"image":{"@id":"https:\/\/www.ingenieriaindustrial-usach.cl\/#\/schema\/logo\/image\/"},"sameAs":["https:\/\/web.facebook.com\/Depto.Ingenieria.industrial.UdeSantiagodeChile?_rdc=1&_rdr","https:\/\/www.linkedin.com\/in\/departamento-ingeniera-industrial-usach-94780711b\/","https:\/\/www.instagram.com\/ingenieria_industrial_usach\/"]}]}},"_links":{"self":[{"href":"https:\/\/www.ingenieriaindustrial-usach.cl\/en\/wp-json\/wp\/v2\/pages\/16551"}],"collection":[{"href":"https:\/\/www.ingenieriaindustrial-usach.cl\/en\/wp-json\/wp\/v2\/pages"}],"about":[{"href":"https:\/\/www.ingenieriaindustrial-usach.cl\/en\/wp-json\/wp\/v2\/types\/page"}],"author":[{"embeddable":true,"href":"https:\/\/www.ingenieriaindustrial-usach.cl\/en\/wp-json\/wp\/v2\/users\/3"}],"replies":[{"embeddable":true,"href":"https:\/\/www.ingenieriaindustrial-usach.cl\/en\/wp-json\/wp\/v2\/comments?post=16551"}],"version-history":[{"count":59,"href":"https:\/\/www.ingenieriaindustrial-usach.cl\/en\/wp-json\/wp\/v2\/pages\/16551\/revisions"}],"predecessor-version":[{"id":22355,"href":"https:\/\/www.ingenieriaindustrial-usach.cl\/en\/wp-json\/wp\/v2\/pages\/16551\/revisions\/22355"}],"wp:attachment":[{"href":"https:\/\/www.ingenieriaindustrial-usach.cl\/en\/wp-json\/wp\/v2\/media?parent=16551"}],"curies":[{"name":"wp","href":"https:\/\/api.w.org\/{rel}","templated":true}]}}